{"id":4498,"date":"2020-10-02T15:39:34","date_gmt":"2020-10-02T13:39:34","guid":{"rendered":"https:\/\/www.idsp.fr\/?page_id=4498"},"modified":"2020-10-14T13:24:11","modified_gmt":"2020-10-14T11:24:11","slug":"actualites","status":"publish","type":"page","link":"https:\/\/www.idsp.fr\/fr\/secondaire\/actualites\/","title":{"rendered":"Actualit\u00e9s"},"content":{"rendered":"\n<style type=\"text\/css\" data-created_by=\"avia_inline_auto\" id=\"style-css-av-k9tzp0ta-6dd7479124f797f4d8afc0b20a8557c6\">\n.avia-section.av-k9tzp0ta-6dd7479124f797f4d8afc0b20a8557c6{\nbackground-color:#024d7d;\nbackground-image:unset;\n}\n<\/style>\n<div id='av_section_1'  class='avia-section av-k9tzp0ta-6dd7479124f797f4d8afc0b20a8557c6 main_color avia-section-small avia-no-border-styling  avia-builder-el-0  el_before_av_blog  avia-builder-el-first  avia-bg-style-scroll av-minimum-height av-minimum-height-custom av-height-custom  container_wrap sidebar_right'   data-av_minimum_height_px='100'><div class='container av-section-cont-open' style='height:100px'><main  role=\"main\" itemprop=\"mainContentOfPage\"  class='template-page content  av-content-small alpha units'><div class='post-entry post-entry-type-page post-entry-4498'><div class='entry-content-wrapper clearfix'>\n\n<style type=\"text\/css\" data-created_by=\"avia_inline_auto\" id=\"style-css-av-kg6csr4q-4baa2020824222b813fe0338e9b91f3e\">\n#top .av-special-heading.av-kg6csr4q-4baa2020824222b813fe0338e9b91f3e{\npadding-bottom:10px;\ncolor:#ffffff;\n}\nbody .av-special-heading.av-kg6csr4q-4baa2020824222b813fe0338e9b91f3e .av-special-heading-tag .heading-char{\nfont-size:25px;\n}\n.av-special-heading.av-kg6csr4q-4baa2020824222b813fe0338e9b91f3e .special-heading-inner-border{\nborder-color:#ffffff;\n}\n.av-special-heading.av-kg6csr4q-4baa2020824222b813fe0338e9b91f3e .av-subheading{\nfont-size:15px;\n}\n<\/style>\n<div  class='av-special-heading av-kg6csr4q-4baa2020824222b813fe0338e9b91f3e av-special-heading-h2 custom-color-heading  avia-builder-el-1  avia-builder-el-no-sibling '><h2 class='av-special-heading-tag '  itemprop=\"headline\"  >Actualit\u00e9s du secondaire<\/h2><div class=\"special-heading-border\"><div class=\"special-heading-inner-border\"><\/div><\/div><\/div>\n<\/div><\/div><\/main><!-- close content main element --><\/div><\/div><div id='after_section_1'  class='main_color av_default_container_wrap container_wrap sidebar_right'  ><div class='container av-section-cont-open' ><div class='template-page content  av-content-small alpha units'><div class='post-entry post-entry-type-page post-entry-4498'><div class='entry-content-wrapper clearfix'>\n<div  data-slideshow-options=\"{&quot;animation&quot;:&quot;fade&quot;,&quot;autoplay&quot;:false,&quot;loop_autoplay&quot;:&quot;once&quot;,&quot;interval&quot;:5,&quot;loop_manual&quot;:&quot;manual-endless&quot;,&quot;autoplay_stopper&quot;:false,&quot;noNavigation&quot;:false,&quot;show_slide_delay&quot;:90}\" class='avia-content-slider avia-content-grid-active avia-content-slider1 avia-content-slider-odd  avia-builder-el-2  el_after_av_section  avia-builder-el-no-sibling  av-slideshow-ui av-control-default   av-no-slider-navigation av-slideshow-manual av-loop-once av-loop-manual-endless '  itemscope=\"itemscope\" itemtype=\"https:\/\/schema.org\/Blog\" ><div class=\"avia-content-slider-inner\"><div class=\"slide-entry-wrap\"><article class='slide-entry flex_column  post-entry post-entry-35054 slide-entry-overview slide-loop-1 slide-parity-odd  av_one_third first real-thumbnail posttype-post post-format-standard'  itemscope=\"itemscope\" itemtype=\"https:\/\/schema.org\/CreativeWork\" ><a href='https:\/\/www.idsp.fr\/fr\/de-tres-beaux-resultats-au-concours-diercke-wissen-2026\/' data-rel='slide-1' class='slide-image' title='De tr\u00e8s beaux r\u00e9sultats au concours Diercke Wissen 2026'><img decoding=\"async\" fetchpriority=\"high\" width=\"495\" height=\"400\" src=\"https:\/\/www.idsp.fr\/wp-content\/uploads\/2026\/04\/Stephan_mit-urkunde-495x400.webp\" class=\"wp-image-35051 avia-img-lazy-loading-not-35051 attachment-portfolio size-portfolio wp-post-image\" alt=\"\" srcset=\"https:\/\/www.idsp.fr\/wp-content\/uploads\/2026\/04\/Stephan_mit-urkunde-495x400.webp 495w, https:\/\/www.idsp.fr\/wp-content\/uploads\/2026\/04\/Stephan_mit-urkunde-845x684.webp 845w\" sizes=\"(max-width: 495px) 100vw, 495px\" \/><\/a><div class=\"slide-content\"><header class=\"entry-content-header\" aria-label=\"Slide: De tr\u00e8s beaux r\u00e9sultats au concours Diercke Wissen 2026\"><h3 class='slide-entry-title entry-title '  itemprop=\"headline\" ><a href='https:\/\/www.idsp.fr\/fr\/de-tres-beaux-resultats-au-concours-diercke-wissen-2026\/' title='De tr\u00e8s beaux r\u00e9sultats au concours Diercke Wissen 2026'>De tr\u00e8s beaux r\u00e9sultats au concours Diercke Wissen 2026<\/a><\/h3><span class=\"av-vertical-delimiter\"><\/span><\/header><div class=\"slide-meta\"><time class='slide-meta-time updated'  itemprop=\"datePublished\" datetime=\"2026-04-15T10:55:54+02:00\" >15 avril 2026<\/time><\/div><div class='slide-entry-excerpt entry-content'  itemprop=\"text\" ><div class=\"read-more-link\"><a href=\"https:\/\/www.idsp.fr\/fr\/de-tres-beaux-resultats-au-concours-diercke-wissen-2026\/\" class=\"more-link\">Lire la suite<span class='more-link-arrow avia-svg-icon avia-font-svg_entypo-fontello' data-av_svg_icon='right-open-big' data-av_iconset='svg_entypo-fontello'><svg version=\"1.1\" xmlns=\"http:\/\/www.w3.org\/2000\/svg\" width=\"15\" height=\"32\" viewBox=\"0 0 15 32\" preserveAspectRatio=\"xMidYMid meet\" role=\"graphics-symbol\" aria-hidden=\"true\">\n<path d=\"M0.416 27.84l11.456-11.84-11.456-11.904q-0.832-0.832 0-1.536 0.832-0.832 1.536 0l12.544 12.608q0.768 0.832 0 1.6l-12.544 12.608q-0.704 0.832-1.536 0-0.832-0.704 0-1.536z\"><\/path>\n<\/svg><\/span><\/a><\/div><\/div><\/div><footer class=\"entry-footer\"><\/footer><span class='hidden'>\n\t\t\t\t<span class='av-structured-data'  itemprop=\"image\" itemscope=\"itemscope\" itemtype=\"https:\/\/schema.org\/ImageObject\" >\n\t\t\t\t\t\t<span itemprop='url'>https:\/\/www.idsp.fr\/wp-content\/uploads\/2026\/04\/Stephan_mit-urkunde.webp<\/span>\n\t\t\t\t\t\t<span itemprop='height'>707<\/span>\n\t\t\t\t\t\t<span itemprop='width'>937<\/span>\n\t\t\t\t<\/span>\n\t\t\t\t<span class='av-structured-data'  itemprop=\"publisher\" itemtype=\"https:\/\/schema.org\/Organization\" itemscope=\"itemscope\" >\n\t\t\t\t\t\t<span itemprop='name'>Marketing Kommunikation<\/span>\n\t\t\t\t\t\t<span itemprop='logo' itemscope itemtype='https:\/\/schema.org\/ImageObject'>\n\t\t\t\t\t\t\t<span itemprop='url'>https:\/\/www.idsp.fr\/wp-content\/uploads\/2023\/09\/Logo-mit-Zusatz_quer_fuer-WEB-mit-transp.-Hintergrund.png<\/span>\n\t\t\t\t\t\t<\/span>\n\t\t\t\t<\/span><span class='av-structured-data'  itemprop=\"author\" itemscope=\"itemscope\" itemtype=\"https:\/\/schema.org\/Person\" ><span itemprop='name'>Marketing Kommunikation<\/span><\/span><span class='av-structured-data'  itemprop=\"datePublished\" datetime=\"2020-10-02T15:39:34+02:00\" >2026-04-15 10:55:54<\/span><span class='av-structured-data'  itemprop=\"dateModified\" itemtype=\"https:\/\/schema.org\/dateModified\" >2026-04-15 14:58:28<\/span><span class='av-structured-data'  itemprop=\"mainEntityOfPage\" itemtype=\"https:\/\/schema.org\/mainEntityOfPage\" ><span itemprop='name'>De tr\u00e8s beaux r\u00e9sultats au concours Diercke Wissen 2026<\/span><\/span><\/span><\/article><article class='slide-entry flex_column  post-entry post-entry-34960 slide-entry-overview slide-loop-2 slide-parity-even  av_one_third  real-thumbnail posttype-post post-format-standard'  itemscope=\"itemscope\" itemtype=\"https:\/\/schema.org\/CreativeWork\" ><a href='https:\/\/www.idsp.fr\/fr\/la-physique-quantique-au-quotidien-quand-la-recherche-faconne-notre-monde\/' data-rel='slide-1' class='slide-image' title='La physique quantique au quotidien &#8211; quand la recherche fa\u00e7onne notre monde'><img decoding=\"async\" fetchpriority=\"high\" width=\"495\" height=\"400\" src=\"https:\/\/www.idsp.fr\/wp-content\/uploads\/2026\/04\/IMG_0425-495x400.webp\" class=\"wp-image-34958 avia-img-lazy-loading-not-34958 attachment-portfolio size-portfolio wp-post-image\" alt=\"\" srcset=\"https:\/\/www.idsp.fr\/wp-content\/uploads\/2026\/04\/IMG_0425-495x400.webp 495w, https:\/\/www.idsp.fr\/wp-content\/uploads\/2026\/04\/IMG_0425-845x684.webp 845w\" sizes=\"(max-width: 495px) 100vw, 495px\" \/><\/a><div class=\"slide-content\"><header class=\"entry-content-header\" aria-label=\"Slide: La physique quantique au quotidien - quand la recherche fa\u00e7onne notre monde\"><h3 class='slide-entry-title entry-title '  itemprop=\"headline\" ><a href='https:\/\/www.idsp.fr\/fr\/la-physique-quantique-au-quotidien-quand-la-recherche-faconne-notre-monde\/' title='La physique quantique au quotidien &#8211; quand la recherche fa\u00e7onne notre monde'>La physique quantique au quotidien &#8211; quand la recherche fa\u00e7onne notre monde<\/a><\/h3><span class=\"av-vertical-delimiter\"><\/span><\/header><div class=\"slide-meta\"><time class='slide-meta-time updated'  itemprop=\"datePublished\" datetime=\"2026-04-08T13:43:04+02:00\" >8 avril 2026<\/time><\/div><div class='slide-entry-excerpt entry-content'  itemprop=\"text\" ><div class=\"read-more-link\"><a href=\"https:\/\/www.idsp.fr\/fr\/la-physique-quantique-au-quotidien-quand-la-recherche-faconne-notre-monde\/\" class=\"more-link\">Lire la suite<span class='more-link-arrow avia-svg-icon avia-font-svg_entypo-fontello' data-av_svg_icon='right-open-big' data-av_iconset='svg_entypo-fontello'><svg version=\"1.1\" xmlns=\"http:\/\/www.w3.org\/2000\/svg\" width=\"15\" height=\"32\" viewBox=\"0 0 15 32\" preserveAspectRatio=\"xMidYMid meet\" role=\"graphics-symbol\" aria-hidden=\"true\">\n<path d=\"M0.416 27.84l11.456-11.84-11.456-11.904q-0.832-0.832 0-1.536 0.832-0.832 1.536 0l12.544 12.608q0.768 0.832 0 1.6l-12.544 12.608q-0.704 0.832-1.536 0-0.832-0.704 0-1.536z\"><\/path>\n<\/svg><\/span><\/a><\/div><\/div><\/div><footer class=\"entry-footer\"><\/footer><span class='hidden'>\n\t\t\t\t<span class='av-structured-data'  itemprop=\"image\" itemscope=\"itemscope\" itemtype=\"https:\/\/schema.org\/ImageObject\" >\n\t\t\t\t\t\t<span itemprop='url'>https:\/\/www.idsp.fr\/wp-content\/uploads\/2026\/04\/IMG_0425.webp<\/span>\n\t\t\t\t\t\t<span itemprop='height'>834<\/span>\n\t\t\t\t\t\t<span itemprop='width'>1500<\/span>\n\t\t\t\t<\/span>\n\t\t\t\t<span class='av-structured-data'  itemprop=\"publisher\" itemtype=\"https:\/\/schema.org\/Organization\" itemscope=\"itemscope\" >\n\t\t\t\t\t\t<span itemprop='name'>Marketing Kommunikation<\/span>\n\t\t\t\t\t\t<span itemprop='logo' itemscope itemtype='https:\/\/schema.org\/ImageObject'>\n\t\t\t\t\t\t\t<span itemprop='url'>https:\/\/www.idsp.fr\/wp-content\/uploads\/2023\/09\/Logo-mit-Zusatz_quer_fuer-WEB-mit-transp.-Hintergrund.png<\/span>\n\t\t\t\t\t\t<\/span>\n\t\t\t\t<\/span><span class='av-structured-data'  itemprop=\"author\" itemscope=\"itemscope\" itemtype=\"https:\/\/schema.org\/Person\" ><span itemprop='name'>Marketing Kommunikation<\/span><\/span><span class='av-structured-data'  itemprop=\"datePublished\" datetime=\"2020-10-02T15:39:34+02:00\" >2026-04-08 13:43:04<\/span><span class='av-structured-data'  itemprop=\"dateModified\" itemtype=\"https:\/\/schema.org\/dateModified\" >2026-04-08 13:43:06<\/span><span class='av-structured-data'  itemprop=\"mainEntityOfPage\" itemtype=\"https:\/\/schema.org\/mainEntityOfPage\" ><span itemprop='name'>La physique quantique au quotidien &#8211; quand la recherche fa\u00e7onne notre monde<\/span><\/span><\/span><\/article><article class='slide-entry flex_column  post-entry post-entry-34944 slide-entry-overview slide-loop-3 slide-parity-odd  av_one_third  real-thumbnail posttype-post post-format-standard'  itemscope=\"itemscope\" itemtype=\"https:\/\/schema.org\/CreativeWork\" ><a href='https:\/\/www.idsp.fr\/fr\/cleanwalk-2026-tous-ensemble-pour-un-environnement-plus-propre\/' data-rel='slide-1' class='slide-image' title='Cleanwalk 2026 \u2013Tous ensemble pour un environnement plus propre'><img decoding=\"async\" fetchpriority=\"high\" width=\"495\" height=\"400\" src=\"https:\/\/www.idsp.fr\/wp-content\/uploads\/2026\/04\/20260401_162334-495x400.webp\" class=\"wp-image-34941 avia-img-lazy-loading-not-34941 attachment-portfolio size-portfolio wp-post-image\" alt=\"\" srcset=\"https:\/\/www.idsp.fr\/wp-content\/uploads\/2026\/04\/20260401_162334-495x400.webp 495w, https:\/\/www.idsp.fr\/wp-content\/uploads\/2026\/04\/20260401_162334-845x684.webp 845w\" sizes=\"(max-width: 495px) 100vw, 495px\" \/><\/a><div class=\"slide-content\"><header class=\"entry-content-header\" aria-label=\"Slide: Cleanwalk 2026 \u2013Tous ensemble pour un environnement plus propre\"><h3 class='slide-entry-title entry-title '  itemprop=\"headline\" ><a href='https:\/\/www.idsp.fr\/fr\/cleanwalk-2026-tous-ensemble-pour-un-environnement-plus-propre\/' title='Cleanwalk 2026 \u2013Tous ensemble pour un environnement plus propre'>Cleanwalk 2026 \u2013Tous ensemble pour un environnement plus propre<\/a><\/h3><span class=\"av-vertical-delimiter\"><\/span><\/header><div class=\"slide-meta\"><time class='slide-meta-time updated'  itemprop=\"datePublished\" datetime=\"2026-04-08T13:20:40+02:00\" >8 avril 2026<\/time><\/div><div class='slide-entry-excerpt entry-content'  itemprop=\"text\" ><div class=\"read-more-link\"><a href=\"https:\/\/www.idsp.fr\/fr\/cleanwalk-2026-tous-ensemble-pour-un-environnement-plus-propre\/\" class=\"more-link\">Lire la suite<span class='more-link-arrow avia-svg-icon avia-font-svg_entypo-fontello' data-av_svg_icon='right-open-big' data-av_iconset='svg_entypo-fontello'><svg version=\"1.1\" xmlns=\"http:\/\/www.w3.org\/2000\/svg\" width=\"15\" height=\"32\" viewBox=\"0 0 15 32\" preserveAspectRatio=\"xMidYMid meet\" role=\"graphics-symbol\" aria-hidden=\"true\">\n<path d=\"M0.416 27.84l11.456-11.84-11.456-11.904q-0.832-0.832 0-1.536 0.832-0.832 1.536 0l12.544 12.608q0.768 0.832 0 1.6l-12.544 12.608q-0.704 0.832-1.536 0-0.832-0.704 0-1.536z\"><\/path>\n<\/svg><\/span><\/a><\/div><\/div><\/div><footer class=\"entry-footer\"><\/footer><span class='hidden'>\n\t\t\t\t<span class='av-structured-data'  itemprop=\"image\" itemscope=\"itemscope\" itemtype=\"https:\/\/schema.org\/ImageObject\" >\n\t\t\t\t\t\t<span itemprop='url'>https:\/\/www.idsp.fr\/wp-content\/uploads\/2026\/04\/20260401_162334.webp<\/span>\n\t\t\t\t\t\t<span itemprop='height'>739<\/span>\n\t\t\t\t\t\t<span itemprop='width'>1129<\/span>\n\t\t\t\t<\/span>\n\t\t\t\t<span class='av-structured-data'  itemprop=\"publisher\" itemtype=\"https:\/\/schema.org\/Organization\" itemscope=\"itemscope\" >\n\t\t\t\t\t\t<span itemprop='name'>Marketing Kommunikation<\/span>\n\t\t\t\t\t\t<span itemprop='logo' itemscope itemtype='https:\/\/schema.org\/ImageObject'>\n\t\t\t\t\t\t\t<span itemprop='url'>https:\/\/www.idsp.fr\/wp-content\/uploads\/2023\/09\/Logo-mit-Zusatz_quer_fuer-WEB-mit-transp.-Hintergrund.png<\/span>\n\t\t\t\t\t\t<\/span>\n\t\t\t\t<\/span><span class='av-structured-data'  itemprop=\"author\" itemscope=\"itemscope\" itemtype=\"https:\/\/schema.org\/Person\" ><span itemprop='name'>Marketing Kommunikation<\/span><\/span><span class='av-structured-data'  itemprop=\"datePublished\" datetime=\"2020-10-02T15:39:34+02:00\" >2026-04-08 13:20:40<\/span><span class='av-structured-data'  itemprop=\"dateModified\" itemtype=\"https:\/\/schema.org\/dateModified\" >2026-04-08 13:20:42<\/span><span class='av-structured-data'  itemprop=\"mainEntityOfPage\" itemtype=\"https:\/\/schema.org\/mainEntityOfPage\" ><span itemprop='name'>Cleanwalk 2026 \u2013Tous ensemble pour un environnement plus propre<\/span><\/span><\/span><\/article><\/div><div class=\"slide-entry-wrap\"><article class='slide-entry flex_column  post-entry post-entry-34826 slide-entry-overview slide-loop-4 slide-parity-odd  av_one_third first real-thumbnail posttype-post post-format-standard'  itemscope=\"itemscope\" itemtype=\"https:\/\/schema.org\/CreativeWork\" ><a href='https:\/\/www.idsp.fr\/fr\/sport-verbindet-idsp-beim-fussballturnier-der-american-school-of-paris\/' data-rel='slide-1' class='slide-image' title='Le sport rassemble : l\u2019iDSP au tournoi de football de l\u2019American School of Paris'><img decoding=\"async\" fetchpriority=\"high\" width=\"495\" height=\"400\" src=\"https:\/\/www.idsp.fr\/wp-content\/uploads\/2026\/03\/Pokal_Zoom-495x400.webp\" class=\"wp-image-34831 avia-img-lazy-loading-not-34831 attachment-portfolio size-portfolio wp-post-image\" alt=\"\" srcset=\"https:\/\/www.idsp.fr\/wp-content\/uploads\/2026\/03\/Pokal_Zoom-495x400.webp 495w, https:\/\/www.idsp.fr\/wp-content\/uploads\/2026\/03\/Pokal_Zoom-845x684.webp 845w\" sizes=\"(max-width: 495px) 100vw, 495px\" \/><\/a><div class=\"slide-content\"><header class=\"entry-content-header\" aria-label=\"Slide: Le sport rassemble : l\u2019iDSP au tournoi de football de l\u2019American School of Paris\"><h3 class='slide-entry-title entry-title '  itemprop=\"headline\" ><a href='https:\/\/www.idsp.fr\/fr\/sport-verbindet-idsp-beim-fussballturnier-der-american-school-of-paris\/' title='Le sport rassemble : l\u2019iDSP au tournoi de football de l\u2019American School of Paris'>Le sport rassemble : l\u2019iDSP au tournoi de football de l\u2019American School of Paris<\/a><\/h3><span class=\"av-vertical-delimiter\"><\/span><\/header><div class=\"slide-meta\"><time class='slide-meta-time updated'  itemprop=\"datePublished\" datetime=\"2026-03-31T13:54:40+02:00\" >31 mars 2026<\/time><\/div><div class='slide-entry-excerpt entry-content'  itemprop=\"text\" ><div class=\"read-more-link\"><a href=\"https:\/\/www.idsp.fr\/fr\/sport-verbindet-idsp-beim-fussballturnier-der-american-school-of-paris\/\" class=\"more-link\">Lire la suite<span class='more-link-arrow avia-svg-icon avia-font-svg_entypo-fontello' data-av_svg_icon='right-open-big' data-av_iconset='svg_entypo-fontello'><svg version=\"1.1\" xmlns=\"http:\/\/www.w3.org\/2000\/svg\" width=\"15\" height=\"32\" viewBox=\"0 0 15 32\" preserveAspectRatio=\"xMidYMid meet\" role=\"graphics-symbol\" aria-hidden=\"true\">\n<path d=\"M0.416 27.84l11.456-11.84-11.456-11.904q-0.832-0.832 0-1.536 0.832-0.832 1.536 0l12.544 12.608q0.768 0.832 0 1.6l-12.544 12.608q-0.704 0.832-1.536 0-0.832-0.704 0-1.536z\"><\/path>\n<\/svg><\/span><\/a><\/div><\/div><\/div><footer class=\"entry-footer\"><\/footer><span class='hidden'>\n\t\t\t\t<span class='av-structured-data'  itemprop=\"image\" itemscope=\"itemscope\" itemtype=\"https:\/\/schema.org\/ImageObject\" >\n\t\t\t\t\t\t<span itemprop='url'>https:\/\/www.idsp.fr\/wp-content\/uploads\/2026\/03\/Pokal_Zoom.webp<\/span>\n\t\t\t\t\t\t<span itemprop='height'>1422<\/span>\n\t\t\t\t\t\t<span itemprop='width'>1512<\/span>\n\t\t\t\t<\/span>\n\t\t\t\t<span class='av-structured-data'  itemprop=\"publisher\" itemtype=\"https:\/\/schema.org\/Organization\" itemscope=\"itemscope\" >\n\t\t\t\t\t\t<span itemprop='name'>Marketing Kommunikation<\/span>\n\t\t\t\t\t\t<span itemprop='logo' itemscope itemtype='https:\/\/schema.org\/ImageObject'>\n\t\t\t\t\t\t\t<span itemprop='url'>https:\/\/www.idsp.fr\/wp-content\/uploads\/2023\/09\/Logo-mit-Zusatz_quer_fuer-WEB-mit-transp.-Hintergrund.png<\/span>\n\t\t\t\t\t\t<\/span>\n\t\t\t\t<\/span><span class='av-structured-data'  itemprop=\"author\" itemscope=\"itemscope\" itemtype=\"https:\/\/schema.org\/Person\" ><span itemprop='name'>Marketing Kommunikation<\/span><\/span><span class='av-structured-data'  itemprop=\"datePublished\" datetime=\"2020-10-02T15:39:34+02:00\" >2026-03-31 13:54:40<\/span><span class='av-structured-data'  itemprop=\"dateModified\" itemtype=\"https:\/\/schema.org\/dateModified\" >2026-03-31 14:01:54<\/span><span class='av-structured-data'  itemprop=\"mainEntityOfPage\" itemtype=\"https:\/\/schema.org\/mainEntityOfPage\" ><span itemprop='name'>Le sport rassemble : l\u2019iDSP au tournoi de football de l\u2019American School of Paris<\/span><\/span><\/span><\/article><article class='slide-entry flex_column  post-entry post-entry-34821 slide-entry-overview slide-loop-5 slide-parity-even  av_one_third  real-thumbnail posttype-post post-format-standard'  itemscope=\"itemscope\" itemtype=\"https:\/\/schema.org\/CreativeWork\" ><a href='https:\/\/www.idsp.fr\/fr\/rencontre-des-delegues-des-eleves-a-bruxelles-trois-jours-dechanges-et-dinspiration-autour-de-la-democratie\/' data-rel='slide-1' class='slide-image' title='Rencontre des d\u00e9l\u00e9gu\u00e9s des \u00e9l\u00e8ves \u00e0 Bruxelles \u2013 Trois jours d\u2019\u00e9changes et d\u2019inspiration autour de la d\u00e9mocratie'><img decoding=\"async\" fetchpriority=\"high\" width=\"495\" height=\"400\" src=\"https:\/\/www.idsp.fr\/wp-content\/uploads\/2026\/03\/BXL_Koffer-495x400.webp\" class=\"wp-image-34812 avia-img-lazy-loading-not-34812 attachment-portfolio size-portfolio wp-post-image\" alt=\"\" srcset=\"https:\/\/www.idsp.fr\/wp-content\/uploads\/2026\/03\/BXL_Koffer-495x400.webp 495w, https:\/\/www.idsp.fr\/wp-content\/uploads\/2026\/03\/BXL_Koffer-845x684.webp 845w\" sizes=\"(max-width: 495px) 100vw, 495px\" \/><\/a><div class=\"slide-content\"><header class=\"entry-content-header\" aria-label=\"Slide: Rencontre des d\u00e9l\u00e9gu\u00e9s des \u00e9l\u00e8ves \u00e0 Bruxelles \u2013 Trois jours d\u2019\u00e9changes et d\u2019inspiration autour de la d\u00e9mocratie\"><h3 class='slide-entry-title entry-title '  itemprop=\"headline\" ><a href='https:\/\/www.idsp.fr\/fr\/rencontre-des-delegues-des-eleves-a-bruxelles-trois-jours-dechanges-et-dinspiration-autour-de-la-democratie\/' title='Rencontre des d\u00e9l\u00e9gu\u00e9s des \u00e9l\u00e8ves \u00e0 Bruxelles \u2013 Trois jours d\u2019\u00e9changes et d\u2019inspiration autour de la d\u00e9mocratie'>Rencontre des d\u00e9l\u00e9gu\u00e9s des \u00e9l\u00e8ves \u00e0 Bruxelles \u2013 Trois jours d\u2019\u00e9changes et d\u2019inspiration autour de la d\u00e9mocratie<\/a><\/h3><span class=\"av-vertical-delimiter\"><\/span><\/header><div class=\"slide-meta\"><time class='slide-meta-time updated'  itemprop=\"datePublished\" datetime=\"2026-03-31T13:28:33+02:00\" >31 mars 2026<\/time><\/div><div class='slide-entry-excerpt entry-content'  itemprop=\"text\" ><div class=\"read-more-link\"><a href=\"https:\/\/www.idsp.fr\/fr\/rencontre-des-delegues-des-eleves-a-bruxelles-trois-jours-dechanges-et-dinspiration-autour-de-la-democratie\/\" class=\"more-link\">Lire la suite<span class='more-link-arrow avia-svg-icon avia-font-svg_entypo-fontello' data-av_svg_icon='right-open-big' data-av_iconset='svg_entypo-fontello'><svg version=\"1.1\" xmlns=\"http:\/\/www.w3.org\/2000\/svg\" width=\"15\" height=\"32\" viewBox=\"0 0 15 32\" preserveAspectRatio=\"xMidYMid meet\" role=\"graphics-symbol\" aria-hidden=\"true\">\n<path d=\"M0.416 27.84l11.456-11.84-11.456-11.904q-0.832-0.832 0-1.536 0.832-0.832 1.536 0l12.544 12.608q0.768 0.832 0 1.6l-12.544 12.608q-0.704 0.832-1.536 0-0.832-0.704 0-1.536z\"><\/path>\n<\/svg><\/span><\/a><\/div><\/div><\/div><footer class=\"entry-footer\"><\/footer><span class='hidden'>\n\t\t\t\t<span class='av-structured-data'  itemprop=\"image\" itemscope=\"itemscope\" itemtype=\"https:\/\/schema.org\/ImageObject\" >\n\t\t\t\t\t\t<span itemprop='url'>https:\/\/www.idsp.fr\/wp-content\/uploads\/2026\/03\/BXL_Koffer.webp<\/span>\n\t\t\t\t\t\t<span itemprop='height'>862<\/span>\n\t\t\t\t\t\t<span itemprop='width'>1200<\/span>\n\t\t\t\t<\/span>\n\t\t\t\t<span class='av-structured-data'  itemprop=\"publisher\" itemtype=\"https:\/\/schema.org\/Organization\" itemscope=\"itemscope\" >\n\t\t\t\t\t\t<span itemprop='name'>Marketing Kommunikation<\/span>\n\t\t\t\t\t\t<span itemprop='logo' itemscope itemtype='https:\/\/schema.org\/ImageObject'>\n\t\t\t\t\t\t\t<span itemprop='url'>https:\/\/www.idsp.fr\/wp-content\/uploads\/2023\/09\/Logo-mit-Zusatz_quer_fuer-WEB-mit-transp.-Hintergrund.png<\/span>\n\t\t\t\t\t\t<\/span>\n\t\t\t\t<\/span><span class='av-structured-data'  itemprop=\"author\" itemscope=\"itemscope\" itemtype=\"https:\/\/schema.org\/Person\" ><span itemprop='name'>Marketing Kommunikation<\/span><\/span><span class='av-structured-data'  itemprop=\"datePublished\" datetime=\"2020-10-02T15:39:34+02:00\" >2026-03-31 13:28:33<\/span><span class='av-structured-data'  itemprop=\"dateModified\" itemtype=\"https:\/\/schema.org\/dateModified\" >2026-03-31 13:28:34<\/span><span class='av-structured-data'  itemprop=\"mainEntityOfPage\" itemtype=\"https:\/\/schema.org\/mainEntityOfPage\" ><span itemprop='name'>Rencontre des d\u00e9l\u00e9gu\u00e9s des \u00e9l\u00e8ves \u00e0 Bruxelles \u2013 Trois jours d\u2019\u00e9changes et d\u2019inspiration autour de la d\u00e9mocratie<\/span><\/span><\/span><\/article><article class='slide-entry flex_column  post-entry post-entry-34815 slide-entry-overview slide-loop-6 slide-parity-odd  av_one_third  real-thumbnail posttype-post post-format-standard'  itemscope=\"itemscope\" itemtype=\"https:\/\/schema.org\/CreativeWork\" ><a href='https:\/\/www.idsp.fr\/fr\/a-la-decouverte-des-parcours-franco-allemands-excursion-a-luniversite-de-la-sarre-2\/' data-rel='slide-1' class='slide-image' title='\u00c0 la d\u00e9couverte des parcours franco-allemands : excursion \u00e0 l\u2019Universit\u00e9 de la Sarre'><img decoding=\"async\" fetchpriority=\"high\" width=\"495\" height=\"400\" src=\"https:\/\/www.idsp.fr\/wp-content\/uploads\/2026\/03\/PXL_20260320_154819428-495x400.webp\" class=\"wp-image-34784 avia-img-lazy-loading-not-34784 attachment-portfolio size-portfolio wp-post-image\" alt=\"\" srcset=\"https:\/\/www.idsp.fr\/wp-content\/uploads\/2026\/03\/PXL_20260320_154819428-495x400.webp 495w, https:\/\/www.idsp.fr\/wp-content\/uploads\/2026\/03\/PXL_20260320_154819428-845x684.webp 845w\" sizes=\"(max-width: 495px) 100vw, 495px\" \/><\/a><div class=\"slide-content\"><header class=\"entry-content-header\" aria-label=\"Slide: \u00c0 la d\u00e9couverte des parcours franco-allemands : excursion \u00e0 l\u2019Universit\u00e9 de la Sarre\"><h3 class='slide-entry-title entry-title '  itemprop=\"headline\" ><a href='https:\/\/www.idsp.fr\/fr\/a-la-decouverte-des-parcours-franco-allemands-excursion-a-luniversite-de-la-sarre-2\/' title='\u00c0 la d\u00e9couverte des parcours franco-allemands : excursion \u00e0 l\u2019Universit\u00e9 de la Sarre'>\u00c0 la d\u00e9couverte des parcours franco-allemands : excursion \u00e0 l\u2019Universit\u00e9 de la Sarre<\/a><\/h3><span class=\"av-vertical-delimiter\"><\/span><\/header><div class=\"slide-meta\"><time class='slide-meta-time updated'  itemprop=\"datePublished\" datetime=\"2026-03-31T13:19:20+02:00\" >31 mars 2026<\/time><\/div><div class='slide-entry-excerpt entry-content'  itemprop=\"text\" ><div class=\"read-more-link\"><a href=\"https:\/\/www.idsp.fr\/fr\/a-la-decouverte-des-parcours-franco-allemands-excursion-a-luniversite-de-la-sarre-2\/\" class=\"more-link\">Lire la suite<span class='more-link-arrow avia-svg-icon avia-font-svg_entypo-fontello' data-av_svg_icon='right-open-big' data-av_iconset='svg_entypo-fontello'><svg version=\"1.1\" xmlns=\"http:\/\/www.w3.org\/2000\/svg\" width=\"15\" height=\"32\" viewBox=\"0 0 15 32\" preserveAspectRatio=\"xMidYMid meet\" role=\"graphics-symbol\" aria-hidden=\"true\">\n<path d=\"M0.416 27.84l11.456-11.84-11.456-11.904q-0.832-0.832 0-1.536 0.832-0.832 1.536 0l12.544 12.608q0.768 0.832 0 1.6l-12.544 12.608q-0.704 0.832-1.536 0-0.832-0.704 0-1.536z\"><\/path>\n<\/svg><\/span><\/a><\/div><\/div><\/div><footer class=\"entry-footer\"><\/footer><span class='hidden'>\n\t\t\t\t<span class='av-structured-data'  itemprop=\"image\" itemscope=\"itemscope\" itemtype=\"https:\/\/schema.org\/ImageObject\" >\n\t\t\t\t\t\t<span itemprop='url'>https:\/\/www.idsp.fr\/wp-content\/uploads\/2026\/03\/PXL_20260320_154819428.webp<\/span>\n\t\t\t\t\t\t<span itemprop='height'>1125<\/span>\n\t\t\t\t\t\t<span itemprop='width'>1500<\/span>\n\t\t\t\t<\/span>\n\t\t\t\t<span class='av-structured-data'  itemprop=\"publisher\" itemtype=\"https:\/\/schema.org\/Organization\" itemscope=\"itemscope\" >\n\t\t\t\t\t\t<span itemprop='name'>Marketing Kommunikation<\/span>\n\t\t\t\t\t\t<span itemprop='logo' itemscope itemtype='https:\/\/schema.org\/ImageObject'>\n\t\t\t\t\t\t\t<span itemprop='url'>https:\/\/www.idsp.fr\/wp-content\/uploads\/2023\/09\/Logo-mit-Zusatz_quer_fuer-WEB-mit-transp.-Hintergrund.png<\/span>\n\t\t\t\t\t\t<\/span>\n\t\t\t\t<\/span><span class='av-structured-data'  itemprop=\"author\" itemscope=\"itemscope\" itemtype=\"https:\/\/schema.org\/Person\" ><span itemprop='name'>Marketing Kommunikation<\/span><\/span><span class='av-structured-data'  itemprop=\"datePublished\" datetime=\"2020-10-02T15:39:34+02:00\" >2026-03-31 13:19:20<\/span><span class='av-structured-data'  itemprop=\"dateModified\" itemtype=\"https:\/\/schema.org\/dateModified\" >2026-03-31 13:19:22<\/span><span class='av-structured-data'  itemprop=\"mainEntityOfPage\" itemtype=\"https:\/\/schema.org\/mainEntityOfPage\" ><span itemprop='name'>\u00c0 la d\u00e9couverte des parcours franco-allemands : excursion \u00e0 l\u2019Universit\u00e9 de la Sarre<\/span><\/span><\/span><\/article><\/div><div class=\"slide-entry-wrap\"><article class='slide-entry flex_column  post-entry post-entry-34653 slide-entry-overview slide-loop-7 slide-parity-odd  av_one_third first real-thumbnail posttype-post post-format-standard'  itemscope=\"itemscope\" itemtype=\"https:\/\/schema.org\/CreativeWork\" ><a href='https:\/\/www.idsp.fr\/fr\/des-eleves-de-lidsp-remportent-un-prix-au-concours-federal-deducation-politique\/' data-rel='slide-1' class='slide-image' title='Des \u00e9l\u00e8ves de l\u2019iDSP remportent un prix au concours f\u00e9d\u00e9ral d\u2019\u00e9ducation politique'><img decoding=\"async\" fetchpriority=\"high\" width=\"495\" height=\"400\" src=\"https:\/\/www.idsp.fr\/wp-content\/uploads\/2026\/03\/Siegerteam2-495x400.webp\" class=\"wp-image-34656 avia-img-lazy-loading-not-34656 attachment-portfolio size-portfolio wp-post-image\" alt=\"\" srcset=\"https:\/\/www.idsp.fr\/wp-content\/uploads\/2026\/03\/Siegerteam2-495x400.webp 495w, https:\/\/www.idsp.fr\/wp-content\/uploads\/2026\/03\/Siegerteam2-845x684.webp 845w\" sizes=\"(max-width: 495px) 100vw, 495px\" \/><\/a><div class=\"slide-content\"><header class=\"entry-content-header\" aria-label=\"Slide: Des \u00e9l\u00e8ves de l\u2019iDSP remportent un prix au concours f\u00e9d\u00e9ral d\u2019\u00e9ducation politique\"><h3 class='slide-entry-title entry-title '  itemprop=\"headline\" ><a href='https:\/\/www.idsp.fr\/fr\/des-eleves-de-lidsp-remportent-un-prix-au-concours-federal-deducation-politique\/' title='Des \u00e9l\u00e8ves de l\u2019iDSP remportent un prix au concours f\u00e9d\u00e9ral d\u2019\u00e9ducation politique'>Des \u00e9l\u00e8ves de l\u2019iDSP remportent un prix au concours f\u00e9d\u00e9ral d\u2019\u00e9ducation politique<\/a><\/h3><span class=\"av-vertical-delimiter\"><\/span><\/header><div class=\"slide-meta\"><time class='slide-meta-time updated'  itemprop=\"datePublished\" datetime=\"2026-03-12T12:57:44+01:00\" >12 mars 2026<\/time><\/div><div class='slide-entry-excerpt entry-content'  itemprop=\"text\" ><div class=\"read-more-link\"><a href=\"https:\/\/www.idsp.fr\/fr\/des-eleves-de-lidsp-remportent-un-prix-au-concours-federal-deducation-politique\/\" class=\"more-link\">Lire la suite<span class='more-link-arrow avia-svg-icon avia-font-svg_entypo-fontello' data-av_svg_icon='right-open-big' data-av_iconset='svg_entypo-fontello'><svg version=\"1.1\" xmlns=\"http:\/\/www.w3.org\/2000\/svg\" width=\"15\" height=\"32\" viewBox=\"0 0 15 32\" preserveAspectRatio=\"xMidYMid meet\" role=\"graphics-symbol\" aria-hidden=\"true\">\n<path d=\"M0.416 27.84l11.456-11.84-11.456-11.904q-0.832-0.832 0-1.536 0.832-0.832 1.536 0l12.544 12.608q0.768 0.832 0 1.6l-12.544 12.608q-0.704 0.832-1.536 0-0.832-0.704 0-1.536z\"><\/path>\n<\/svg><\/span><\/a><\/div><\/div><\/div><footer class=\"entry-footer\"><\/footer><span class='hidden'>\n\t\t\t\t<span class='av-structured-data'  itemprop=\"image\" itemscope=\"itemscope\" itemtype=\"https:\/\/schema.org\/ImageObject\" >\n\t\t\t\t\t\t<span itemprop='url'>https:\/\/www.idsp.fr\/wp-content\/uploads\/2026\/03\/Siegerteam2.webp<\/span>\n\t\t\t\t\t\t<span itemprop='height'>1065<\/span>\n\t\t\t\t\t\t<span itemprop='width'>1500<\/span>\n\t\t\t\t<\/span>\n\t\t\t\t<span class='av-structured-data'  itemprop=\"publisher\" itemtype=\"https:\/\/schema.org\/Organization\" itemscope=\"itemscope\" >\n\t\t\t\t\t\t<span itemprop='name'>Marketing Kommunikation<\/span>\n\t\t\t\t\t\t<span itemprop='logo' itemscope itemtype='https:\/\/schema.org\/ImageObject'>\n\t\t\t\t\t\t\t<span itemprop='url'>https:\/\/www.idsp.fr\/wp-content\/uploads\/2023\/09\/Logo-mit-Zusatz_quer_fuer-WEB-mit-transp.-Hintergrund.png<\/span>\n\t\t\t\t\t\t<\/span>\n\t\t\t\t<\/span><span class='av-structured-data'  itemprop=\"author\" itemscope=\"itemscope\" itemtype=\"https:\/\/schema.org\/Person\" ><span itemprop='name'>Marketing Kommunikation<\/span><\/span><span class='av-structured-data'  itemprop=\"datePublished\" datetime=\"2020-10-02T15:39:34+02:00\" >2026-03-12 12:57:44<\/span><span class='av-structured-data'  itemprop=\"dateModified\" itemtype=\"https:\/\/schema.org\/dateModified\" >2026-03-13 07:02:47<\/span><span class='av-structured-data'  itemprop=\"mainEntityOfPage\" itemtype=\"https:\/\/schema.org\/mainEntityOfPage\" ><span itemprop='name'>Des \u00e9l\u00e8ves de l\u2019iDSP remportent un prix au concours f\u00e9d\u00e9ral d\u2019\u00e9ducation politique<\/span><\/span><\/span><\/article><article class='slide-entry flex_column  post-entry post-entry-34676 slide-entry-overview slide-loop-8 slide-parity-even  av_one_third  real-thumbnail posttype-post post-format-standard'  itemscope=\"itemscope\" itemtype=\"https:\/\/schema.org\/CreativeWork\" ><a href='https:\/\/www.idsp.fr\/fr\/des-eleves-de-lidsp-au-concours-de-lecture-des-ecoles-allemandes\/' data-rel='slide-1' class='slide-image' title='Des \u00e9l\u00e8ves de l\u2019iDSP au concours de lecture des \u00e9coles allemandes'><img decoding=\"async\" fetchpriority=\"high\" width=\"495\" height=\"400\" src=\"https:\/\/www.idsp.fr\/wp-content\/uploads\/2026\/03\/e848320d-27e9-4eee-a923-7805943cceaf1-495x400.webp\" class=\"wp-image-34669 avia-img-lazy-loading-not-34669 attachment-portfolio size-portfolio wp-post-image\" alt=\"\" srcset=\"https:\/\/www.idsp.fr\/wp-content\/uploads\/2026\/03\/e848320d-27e9-4eee-a923-7805943cceaf1-495x400.webp 495w, https:\/\/www.idsp.fr\/wp-content\/uploads\/2026\/03\/e848320d-27e9-4eee-a923-7805943cceaf1-845x684.webp 845w\" sizes=\"(max-width: 495px) 100vw, 495px\" \/><\/a><div class=\"slide-content\"><header class=\"entry-content-header\" aria-label=\"Slide: Des \u00e9l\u00e8ves de l\u2019iDSP au concours de lecture des \u00e9coles allemandes\"><h3 class='slide-entry-title entry-title '  itemprop=\"headline\" ><a href='https:\/\/www.idsp.fr\/fr\/des-eleves-de-lidsp-au-concours-de-lecture-des-ecoles-allemandes\/' title='Des \u00e9l\u00e8ves de l\u2019iDSP au concours de lecture des \u00e9coles allemandes'>Des \u00e9l\u00e8ves de l\u2019iDSP au concours de lecture des \u00e9coles allemandes<\/a><\/h3><span class=\"av-vertical-delimiter\"><\/span><\/header><div class=\"slide-meta\"><time class='slide-meta-time updated'  itemprop=\"datePublished\" datetime=\"2026-03-11T15:42:37+01:00\" >11 mars 2026<\/time><\/div><div class='slide-entry-excerpt entry-content'  itemprop=\"text\" ><div class=\"read-more-link\"><a href=\"https:\/\/www.idsp.fr\/fr\/des-eleves-de-lidsp-au-concours-de-lecture-des-ecoles-allemandes\/\" class=\"more-link\">Lire la suite<span class='more-link-arrow avia-svg-icon avia-font-svg_entypo-fontello' data-av_svg_icon='right-open-big' data-av_iconset='svg_entypo-fontello'><svg version=\"1.1\" xmlns=\"http:\/\/www.w3.org\/2000\/svg\" width=\"15\" height=\"32\" viewBox=\"0 0 15 32\" preserveAspectRatio=\"xMidYMid meet\" role=\"graphics-symbol\" aria-hidden=\"true\">\n<path d=\"M0.416 27.84l11.456-11.84-11.456-11.904q-0.832-0.832 0-1.536 0.832-0.832 1.536 0l12.544 12.608q0.768 0.832 0 1.6l-12.544 12.608q-0.704 0.832-1.536 0-0.832-0.704 0-1.536z\"><\/path>\n<\/svg><\/span><\/a><\/div><\/div><\/div><footer class=\"entry-footer\"><\/footer><span class='hidden'>\n\t\t\t\t<span class='av-structured-data'  itemprop=\"image\" itemscope=\"itemscope\" itemtype=\"https:\/\/schema.org\/ImageObject\" >\n\t\t\t\t\t\t<span itemprop='url'>https:\/\/www.idsp.fr\/wp-content\/uploads\/2026\/03\/e848320d-27e9-4eee-a923-7805943cceaf1.webp<\/span>\n\t\t\t\t\t\t<span itemprop='height'>1086<\/span>\n\t\t\t\t\t\t<span itemprop='width'>1500<\/span>\n\t\t\t\t<\/span>\n\t\t\t\t<span class='av-structured-data'  itemprop=\"publisher\" itemtype=\"https:\/\/schema.org\/Organization\" itemscope=\"itemscope\" >\n\t\t\t\t\t\t<span itemprop='name'>Marketing Kommunikation<\/span>\n\t\t\t\t\t\t<span itemprop='logo' itemscope itemtype='https:\/\/schema.org\/ImageObject'>\n\t\t\t\t\t\t\t<span itemprop='url'>https:\/\/www.idsp.fr\/wp-content\/uploads\/2023\/09\/Logo-mit-Zusatz_quer_fuer-WEB-mit-transp.-Hintergrund.png<\/span>\n\t\t\t\t\t\t<\/span>\n\t\t\t\t<\/span><span class='av-structured-data'  itemprop=\"author\" itemscope=\"itemscope\" itemtype=\"https:\/\/schema.org\/Person\" ><span itemprop='name'>Marketing Kommunikation<\/span><\/span><span class='av-structured-data'  itemprop=\"datePublished\" datetime=\"2020-10-02T15:39:34+02:00\" >2026-03-11 15:42:37<\/span><span class='av-structured-data'  itemprop=\"dateModified\" itemtype=\"https:\/\/schema.org\/dateModified\" >2026-03-11 15:42:39<\/span><span class='av-structured-data'  itemprop=\"mainEntityOfPage\" itemtype=\"https:\/\/schema.org\/mainEntityOfPage\" ><span itemprop='name'>Des \u00e9l\u00e8ves de l\u2019iDSP au concours de lecture des \u00e9coles allemandes<\/span><\/span><\/span><\/article><article class='slide-entry flex_column  post-entry post-entry-34627 slide-entry-overview slide-loop-9 slide-parity-odd  av_one_third  real-thumbnail posttype-post post-format-standard'  itemscope=\"itemscope\" itemtype=\"https:\/\/schema.org\/CreativeWork\" ><a href='https:\/\/www.idsp.fr\/fr\/simpliquer-activement-dans-la-vie-de-lecole-le-nouveau-concept-de-commissions-de-la-sv\/' data-rel='slide-1' class='slide-image' title='S\u2019impliquer activement dans la vie de l\u2019\u00e9cole : le nouveau concept de commissions de la SV'><img decoding=\"async\" fetchpriority=\"high\" width=\"495\" height=\"400\" src=\"https:\/\/www.idsp.fr\/wp-content\/uploads\/2026\/03\/Rot-Lila-Modern-Geometrisch-Einladung-Kunst-Ankuendigung-Event-Plakat-Poster-495x400.jpg\" class=\"wp-image-34623 avia-img-lazy-loading-not-34623 attachment-portfolio size-portfolio wp-post-image\" alt=\"\" srcset=\"https:\/\/www.idsp.fr\/wp-content\/uploads\/2026\/03\/Rot-Lila-Modern-Geometrisch-Einladung-Kunst-Ankuendigung-Event-Plakat-Poster-495x400.jpg 495w, https:\/\/www.idsp.fr\/wp-content\/uploads\/2026\/03\/Rot-Lila-Modern-Geometrisch-Einladung-Kunst-Ankuendigung-Event-Plakat-Poster-845x684.jpg 845w\" sizes=\"(max-width: 495px) 100vw, 495px\" \/><\/a><div class=\"slide-content\"><header class=\"entry-content-header\" aria-label=\"Slide: S\u2019impliquer activement dans la vie de l\u2019\u00e9cole : le nouveau concept de commissions de la SV\"><h3 class='slide-entry-title entry-title '  itemprop=\"headline\" ><a href='https:\/\/www.idsp.fr\/fr\/simpliquer-activement-dans-la-vie-de-lecole-le-nouveau-concept-de-commissions-de-la-sv\/' title='S\u2019impliquer activement dans la vie de l\u2019\u00e9cole : le nouveau concept de commissions de la SV'>S\u2019impliquer activement dans la vie de l\u2019\u00e9cole : le nouveau concept de commissions de la SV<\/a><\/h3><span class=\"av-vertical-delimiter\"><\/span><\/header><div class=\"slide-meta\"><time class='slide-meta-time updated'  itemprop=\"datePublished\" datetime=\"2026-03-11T13:58:40+01:00\" >11 mars 2026<\/time><\/div><div class='slide-entry-excerpt entry-content'  itemprop=\"text\" ><div class=\"read-more-link\"><a href=\"https:\/\/www.idsp.fr\/fr\/simpliquer-activement-dans-la-vie-de-lecole-le-nouveau-concept-de-commissions-de-la-sv\/\" class=\"more-link\">Lire la suite<span class='more-link-arrow avia-svg-icon avia-font-svg_entypo-fontello' data-av_svg_icon='right-open-big' data-av_iconset='svg_entypo-fontello'><svg version=\"1.1\" xmlns=\"http:\/\/www.w3.org\/2000\/svg\" width=\"15\" height=\"32\" viewBox=\"0 0 15 32\" preserveAspectRatio=\"xMidYMid meet\" role=\"graphics-symbol\" aria-hidden=\"true\">\n<path d=\"M0.416 27.84l11.456-11.84-11.456-11.904q-0.832-0.832 0-1.536 0.832-0.832 1.536 0l12.544 12.608q0.768 0.832 0 1.6l-12.544 12.608q-0.704 0.832-1.536 0-0.832-0.704 0-1.536z\"><\/path>\n<\/svg><\/span><\/a><\/div><\/div><\/div><footer class=\"entry-footer\"><\/footer><span class='hidden'>\n\t\t\t\t<span class='av-structured-data'  itemprop=\"image\" itemscope=\"itemscope\" itemtype=\"https:\/\/schema.org\/ImageObject\" >\n\t\t\t\t\t\t<span itemprop='url'>https:\/\/www.idsp.fr\/wp-content\/uploads\/2026\/03\/Rot-Lila-Modern-Geometrisch-Einladung-Kunst-Ankuendigung-Event-Plakat-Poster.jpg<\/span>\n\t\t\t\t\t\t<span itemprop='height'>2245<\/span>\n\t\t\t\t\t\t<span itemprop='width'>1587<\/span>\n\t\t\t\t<\/span>\n\t\t\t\t<span class='av-structured-data'  itemprop=\"publisher\" itemtype=\"https:\/\/schema.org\/Organization\" itemscope=\"itemscope\" >\n\t\t\t\t\t\t<span itemprop='name'>Marketing Kommunikation<\/span>\n\t\t\t\t\t\t<span itemprop='logo' itemscope itemtype='https:\/\/schema.org\/ImageObject'>\n\t\t\t\t\t\t\t<span itemprop='url'>https:\/\/www.idsp.fr\/wp-content\/uploads\/2023\/09\/Logo-mit-Zusatz_quer_fuer-WEB-mit-transp.-Hintergrund.png<\/span>\n\t\t\t\t\t\t<\/span>\n\t\t\t\t<\/span><span class='av-structured-data'  itemprop=\"author\" itemscope=\"itemscope\" itemtype=\"https:\/\/schema.org\/Person\" ><span itemprop='name'>Marketing Kommunikation<\/span><\/span><span class='av-structured-data'  itemprop=\"datePublished\" datetime=\"2020-10-02T15:39:34+02:00\" >2026-03-11 13:58:40<\/span><span class='av-structured-data'  itemprop=\"dateModified\" itemtype=\"https:\/\/schema.org\/dateModified\" >2026-03-12 08:40:38<\/span><span class='av-structured-data'  itemprop=\"mainEntityOfPage\" itemtype=\"https:\/\/schema.org\/mainEntityOfPage\" ><span itemprop='name'>S\u2019impliquer activement dans la vie de l\u2019\u00e9cole : le nouveau concept de commissions de la SV<\/span><\/span><\/span><\/article><\/div><div class=\"slide-entry-wrap\"><article class='slide-entry flex_column  post-entry post-entry-34617 slide-entry-overview slide-loop-10 slide-parity-odd  av_one_third first real-thumbnail posttype-post post-format-standard'  itemscope=\"itemscope\" itemtype=\"https:\/\/schema.org\/CreativeWork\" ><a href='https:\/\/www.idsp.fr\/fr\/vacances-linguistiques-a-lidsp-apprendre-les-langues-dans-une-atmosphere-de-vacances\/' data-rel='slide-1' class='slide-image' title='Vacances linguistiques \u00e0 l\u2019iDSP : apprendre les langues dans une atmosph\u00e8re de vacances'><img decoding=\"async\" fetchpriority=\"high\" width=\"495\" height=\"400\" src=\"https:\/\/www.idsp.fr\/wp-content\/uploads\/2026\/03\/image1-2-495x400.jpg\" class=\"wp-image-34610 avia-img-lazy-loading-not-34610 attachment-portfolio size-portfolio wp-post-image\" alt=\"\" srcset=\"https:\/\/www.idsp.fr\/wp-content\/uploads\/2026\/03\/image1-2-495x400.jpg 495w, https:\/\/www.idsp.fr\/wp-content\/uploads\/2026\/03\/image1-2-845x684.jpg 845w\" sizes=\"(max-width: 495px) 100vw, 495px\" \/><\/a><div class=\"slide-content\"><header class=\"entry-content-header\" aria-label=\"Slide: Vacances linguistiques \u00e0 l\u2019iDSP : apprendre les langues dans une atmosph\u00e8re de vacances\"><h3 class='slide-entry-title entry-title '  itemprop=\"headline\" ><a href='https:\/\/www.idsp.fr\/fr\/vacances-linguistiques-a-lidsp-apprendre-les-langues-dans-une-atmosphere-de-vacances\/' title='Vacances linguistiques \u00e0 l\u2019iDSP : apprendre les langues dans une atmosph\u00e8re de vacances'>Vacances linguistiques \u00e0 l\u2019iDSP : apprendre les langues dans une atmosph\u00e8re de vacances<\/a><\/h3><span class=\"av-vertical-delimiter\"><\/span><\/header><div class=\"slide-meta\"><time class='slide-meta-time updated'  itemprop=\"datePublished\" datetime=\"2026-03-11T10:40:24+01:00\" >11 mars 2026<\/time><\/div><div class='slide-entry-excerpt entry-content'  itemprop=\"text\" ><div class=\"read-more-link\"><a href=\"https:\/\/www.idsp.fr\/fr\/vacances-linguistiques-a-lidsp-apprendre-les-langues-dans-une-atmosphere-de-vacances\/\" class=\"more-link\">Lire la suite<span class='more-link-arrow avia-svg-icon avia-font-svg_entypo-fontello' data-av_svg_icon='right-open-big' data-av_iconset='svg_entypo-fontello'><svg version=\"1.1\" xmlns=\"http:\/\/www.w3.org\/2000\/svg\" width=\"15\" height=\"32\" viewBox=\"0 0 15 32\" preserveAspectRatio=\"xMidYMid meet\" role=\"graphics-symbol\" aria-hidden=\"true\">\n<path d=\"M0.416 27.84l11.456-11.84-11.456-11.904q-0.832-0.832 0-1.536 0.832-0.832 1.536 0l12.544 12.608q0.768 0.832 0 1.6l-12.544 12.608q-0.704 0.832-1.536 0-0.832-0.704 0-1.536z\"><\/path>\n<\/svg><\/span><\/a><\/div><\/div><\/div><footer class=\"entry-footer\"><\/footer><span class='hidden'>\n\t\t\t\t<span class='av-structured-data'  itemprop=\"image\" itemscope=\"itemscope\" itemtype=\"https:\/\/schema.org\/ImageObject\" >\n\t\t\t\t\t\t<span itemprop='url'>https:\/\/www.idsp.fr\/wp-content\/uploads\/2026\/03\/image1-2.jpg<\/span>\n\t\t\t\t\t\t<span itemprop='height'>864<\/span>\n\t\t\t\t\t\t<span itemprop='width'>1500<\/span>\n\t\t\t\t<\/span>\n\t\t\t\t<span class='av-structured-data'  itemprop=\"publisher\" itemtype=\"https:\/\/schema.org\/Organization\" itemscope=\"itemscope\" >\n\t\t\t\t\t\t<span itemprop='name'>Marketing Kommunikation<\/span>\n\t\t\t\t\t\t<span itemprop='logo' itemscope itemtype='https:\/\/schema.org\/ImageObject'>\n\t\t\t\t\t\t\t<span itemprop='url'>https:\/\/www.idsp.fr\/wp-content\/uploads\/2023\/09\/Logo-mit-Zusatz_quer_fuer-WEB-mit-transp.-Hintergrund.png<\/span>\n\t\t\t\t\t\t<\/span>\n\t\t\t\t<\/span><span class='av-structured-data'  itemprop=\"author\" itemscope=\"itemscope\" itemtype=\"https:\/\/schema.org\/Person\" ><span itemprop='name'>Marketing Kommunikation<\/span><\/span><span class='av-structured-data'  itemprop=\"datePublished\" datetime=\"2020-10-02T15:39:34+02:00\" >2026-03-11 10:40:24<\/span><span class='av-structured-data'  itemprop=\"dateModified\" itemtype=\"https:\/\/schema.org\/dateModified\" >2026-03-11 10:40:27<\/span><span class='av-structured-data'  itemprop=\"mainEntityOfPage\" itemtype=\"https:\/\/schema.org\/mainEntityOfPage\" ><span itemprop='name'>Vacances linguistiques \u00e0 l\u2019iDSP : apprendre les langues dans une atmosph\u00e8re de vacances<\/span><\/span><\/span><\/article><article class='slide-entry flex_column  post-entry post-entry-34599 slide-entry-overview slide-loop-11 slide-parity-even  av_one_third  real-thumbnail posttype-post post-format-standard'  itemscope=\"itemscope\" itemtype=\"https:\/\/schema.org\/CreativeWork\" ><a href='https:\/\/www.idsp.fr\/fr\/ouverture-traditionnelle-du-bal-autrichien-2026\/' data-rel='slide-1' class='slide-image' title='Ouverture traditionnelle du Bal autrichien 2026'><img decoding=\"async\" fetchpriority=\"high\" width=\"495\" height=\"400\" src=\"https:\/\/www.idsp.fr\/wp-content\/uploads\/2026\/03\/Bal-Autrichien-a-Paris-AAP_Guillaume-Grandin_2a4f5fd2-f515-46d3-b6d3-62e925f5543b-495x400.webp\" class=\"wp-image-34596 avia-img-lazy-loading-not-34596 attachment-portfolio size-portfolio wp-post-image\" alt=\"\" srcset=\"https:\/\/www.idsp.fr\/wp-content\/uploads\/2026\/03\/Bal-Autrichien-a-Paris-AAP_Guillaume-Grandin_2a4f5fd2-f515-46d3-b6d3-62e925f5543b-495x400.webp 495w, https:\/\/www.idsp.fr\/wp-content\/uploads\/2026\/03\/Bal-Autrichien-a-Paris-AAP_Guillaume-Grandin_2a4f5fd2-f515-46d3-b6d3-62e925f5543b-845x684.webp 845w\" sizes=\"(max-width: 495px) 100vw, 495px\" \/><\/a><div class=\"slide-content\"><header class=\"entry-content-header\" aria-label=\"Slide: Ouverture traditionnelle du Bal autrichien 2026\"><h3 class='slide-entry-title entry-title '  itemprop=\"headline\" ><a href='https:\/\/www.idsp.fr\/fr\/ouverture-traditionnelle-du-bal-autrichien-2026\/' title='Ouverture traditionnelle du Bal autrichien 2026'>Ouverture traditionnelle du Bal autrichien 2026<\/a><\/h3><span class=\"av-vertical-delimiter\"><\/span><\/header><div class=\"slide-meta\"><time class='slide-meta-time updated'  itemprop=\"datePublished\" datetime=\"2026-03-11T10:04:33+01:00\" >11 mars 2026<\/time><\/div><div class='slide-entry-excerpt entry-content'  itemprop=\"text\" ><div class=\"read-more-link\"><a href=\"https:\/\/www.idsp.fr\/fr\/ouverture-traditionnelle-du-bal-autrichien-2026\/\" class=\"more-link\">Lire la suite<span class='more-link-arrow avia-svg-icon avia-font-svg_entypo-fontello' data-av_svg_icon='right-open-big' data-av_iconset='svg_entypo-fontello'><svg version=\"1.1\" xmlns=\"http:\/\/www.w3.org\/2000\/svg\" width=\"15\" height=\"32\" viewBox=\"0 0 15 32\" preserveAspectRatio=\"xMidYMid meet\" role=\"graphics-symbol\" aria-hidden=\"true\">\n<path d=\"M0.416 27.84l11.456-11.84-11.456-11.904q-0.832-0.832 0-1.536 0.832-0.832 1.536 0l12.544 12.608q0.768 0.832 0 1.6l-12.544 12.608q-0.704 0.832-1.536 0-0.832-0.704 0-1.536z\"><\/path>\n<\/svg><\/span><\/a><\/div><\/div><\/div><footer class=\"entry-footer\"><\/footer><span class='hidden'>\n\t\t\t\t<span class='av-structured-data'  itemprop=\"image\" itemscope=\"itemscope\" itemtype=\"https:\/\/schema.org\/ImageObject\" >\n\t\t\t\t\t\t<span itemprop='url'>https:\/\/www.idsp.fr\/wp-content\/uploads\/2026\/03\/Bal-Autrichien-a-Paris-AAP_Guillaume-Grandin_2a4f5fd2-f515-46d3-b6d3-62e925f5543b.webp<\/span>\n\t\t\t\t\t\t<span itemprop='height'>1000<\/span>\n\t\t\t\t\t\t<span itemprop='width'>1500<\/span>\n\t\t\t\t<\/span>\n\t\t\t\t<span class='av-structured-data'  itemprop=\"publisher\" itemtype=\"https:\/\/schema.org\/Organization\" itemscope=\"itemscope\" >\n\t\t\t\t\t\t<span itemprop='name'>Marketing Kommunikation<\/span>\n\t\t\t\t\t\t<span itemprop='logo' itemscope itemtype='https:\/\/schema.org\/ImageObject'>\n\t\t\t\t\t\t\t<span itemprop='url'>https:\/\/www.idsp.fr\/wp-content\/uploads\/2023\/09\/Logo-mit-Zusatz_quer_fuer-WEB-mit-transp.-Hintergrund.png<\/span>\n\t\t\t\t\t\t<\/span>\n\t\t\t\t<\/span><span class='av-structured-data'  itemprop=\"author\" itemscope=\"itemscope\" itemtype=\"https:\/\/schema.org\/Person\" ><span itemprop='name'>Marketing Kommunikation<\/span><\/span><span class='av-structured-data'  itemprop=\"datePublished\" datetime=\"2020-10-02T15:39:34+02:00\" >2026-03-11 10:04:33<\/span><span class='av-structured-data'  itemprop=\"dateModified\" itemtype=\"https:\/\/schema.org\/dateModified\" >2026-03-12 08:51:36<\/span><span class='av-structured-data'  itemprop=\"mainEntityOfPage\" itemtype=\"https:\/\/schema.org\/mainEntityOfPage\" ><span itemprop='name'>Ouverture traditionnelle du Bal autrichien 2026<\/span><\/span><\/span><\/article><article class='slide-entry flex_column  post-entry post-entry-34553 slide-entry-overview slide-loop-12 slide-parity-odd  av_one_third  real-thumbnail posttype-post post-format-standard'  itemscope=\"itemscope\" itemtype=\"https:\/\/schema.org\/CreativeWork\" ><a href='https:\/\/www.idsp.fr\/fr\/jeunes-talents-au-concours-regional-jugend-musiziert-a-lidsp\/' data-rel='slide-1' class='slide-image' title='Jeunes talents au concours r\u00e9gional \u00ab Jugend musiziert \u00bb \u00e0 l&rsquo;iDSP'><img decoding=\"async\" fetchpriority=\"high\" width=\"495\" height=\"400\" src=\"https:\/\/www.idsp.fr\/wp-content\/uploads\/2026\/03\/Klavier2-495x400.webp\" class=\"wp-image-34542 avia-img-lazy-loading-not-34542 attachment-portfolio size-portfolio wp-post-image\" alt=\"\" srcset=\"https:\/\/www.idsp.fr\/wp-content\/uploads\/2026\/03\/Klavier2-495x400.webp 495w, https:\/\/www.idsp.fr\/wp-content\/uploads\/2026\/03\/Klavier2-845x684.webp 845w\" sizes=\"(max-width: 495px) 100vw, 495px\" \/><\/a><div class=\"slide-content\"><header class=\"entry-content-header\" aria-label=\"Slide: Jeunes talents au concours r\u00e9gional \u00ab Jugend musiziert \u00bb \u00e0 l&#039;iDSP\"><h3 class='slide-entry-title entry-title '  itemprop=\"headline\" ><a href='https:\/\/www.idsp.fr\/fr\/jeunes-talents-au-concours-regional-jugend-musiziert-a-lidsp\/' title='Jeunes talents au concours r\u00e9gional \u00ab Jugend musiziert \u00bb \u00e0 l&rsquo;iDSP'>Jeunes talents au concours r\u00e9gional \u00ab Jugend musiziert \u00bb \u00e0 l&rsquo;iDSP<\/a><\/h3><span class=\"av-vertical-delimiter\"><\/span><\/header><div class=\"slide-meta\"><time class='slide-meta-time updated'  itemprop=\"datePublished\" datetime=\"2026-03-11T08:04:10+01:00\" >11 mars 2026<\/time><\/div><div class='slide-entry-excerpt entry-content'  itemprop=\"text\" ><div class=\"read-more-link\"><a href=\"https:\/\/www.idsp.fr\/fr\/jeunes-talents-au-concours-regional-jugend-musiziert-a-lidsp\/\" class=\"more-link\">Lire la suite<span class='more-link-arrow avia-svg-icon avia-font-svg_entypo-fontello' data-av_svg_icon='right-open-big' data-av_iconset='svg_entypo-fontello'><svg version=\"1.1\" xmlns=\"http:\/\/www.w3.org\/2000\/svg\" width=\"15\" height=\"32\" viewBox=\"0 0 15 32\" preserveAspectRatio=\"xMidYMid meet\" role=\"graphics-symbol\" aria-hidden=\"true\">\n<path d=\"M0.416 27.84l11.456-11.84-11.456-11.904q-0.832-0.832 0-1.536 0.832-0.832 1.536 0l12.544 12.608q0.768 0.832 0 1.6l-12.544 12.608q-0.704 0.832-1.536 0-0.832-0.704 0-1.536z\"><\/path>\n<\/svg><\/span><\/a><\/div><\/div><\/div><footer class=\"entry-footer\"><\/footer><span class='hidden'>\n\t\t\t\t<span class='av-structured-data'  itemprop=\"image\" itemscope=\"itemscope\" itemtype=\"https:\/\/schema.org\/ImageObject\" >\n\t\t\t\t\t\t<span itemprop='url'>https:\/\/www.idsp.fr\/wp-content\/uploads\/2026\/03\/Klavier2.webp<\/span>\n\t\t\t\t\t\t<span itemprop='height'>2000<\/span>\n\t\t\t\t\t\t<span itemprop='width'>1500<\/span>\n\t\t\t\t<\/span>\n\t\t\t\t<span class='av-structured-data'  itemprop=\"publisher\" itemtype=\"https:\/\/schema.org\/Organization\" itemscope=\"itemscope\" >\n\t\t\t\t\t\t<span itemprop='name'>andrea<\/span>\n\t\t\t\t\t\t<span itemprop='logo' itemscope itemtype='https:\/\/schema.org\/ImageObject'>\n\t\t\t\t\t\t\t<span itemprop='url'>https:\/\/www.idsp.fr\/wp-content\/uploads\/2023\/09\/Logo-mit-Zusatz_quer_fuer-WEB-mit-transp.-Hintergrund.png<\/span>\n\t\t\t\t\t\t<\/span>\n\t\t\t\t<\/span><span class='av-structured-data'  itemprop=\"author\" itemscope=\"itemscope\" itemtype=\"https:\/\/schema.org\/Person\" ><span itemprop='name'>andrea<\/span><\/span><span class='av-structured-data'  itemprop=\"datePublished\" datetime=\"2020-10-02T15:39:34+02:00\" >2026-03-11 08:04:10<\/span><span class='av-structured-data'  itemprop=\"dateModified\" itemtype=\"https:\/\/schema.org\/dateModified\" >2026-03-12 16:57:56<\/span><span class='av-structured-data'  itemprop=\"mainEntityOfPage\" itemtype=\"https:\/\/schema.org\/mainEntityOfPage\" ><span itemprop='name'>Jeunes talents au concours r\u00e9gional \u00ab Jugend musiziert \u00bb \u00e0 l&rsquo;iDSP<\/span><\/span><\/span><\/article><\/div><div class=\"slide-entry-wrap\"><article class='slide-entry flex_column  post-entry post-entry-34578 slide-entry-overview slide-loop-13 slide-parity-odd  av_one_third first real-thumbnail posttype-post post-format-standard'  itemscope=\"itemscope\" itemtype=\"https:\/\/schema.org\/CreativeWork\" ><a href='https:\/\/www.idsp.fr\/fr\/34578\/' data-rel='slide-1' class='slide-image' title='Quand toute l&rsquo;\u00e9cole f\u00eate le carnaval'><img decoding=\"async\" fetchpriority=\"high\" width=\"495\" height=\"400\" src=\"https:\/\/www.idsp.fr\/wp-content\/uploads\/2026\/03\/busy-495x400.webp\" class=\"wp-image-34498 avia-img-lazy-loading-not-34498 attachment-portfolio size-portfolio wp-post-image\" alt=\"\" srcset=\"https:\/\/www.idsp.fr\/wp-content\/uploads\/2026\/03\/busy-495x400.webp 495w, https:\/\/www.idsp.fr\/wp-content\/uploads\/2026\/03\/busy-845x684.webp 845w\" sizes=\"(max-width: 495px) 100vw, 495px\" \/><\/a><div class=\"slide-content\"><header class=\"entry-content-header\" aria-label=\"Slide: Quand toute l&#039;\u00e9cole f\u00eate le carnaval\"><h3 class='slide-entry-title entry-title '  itemprop=\"headline\" ><a href='https:\/\/www.idsp.fr\/fr\/34578\/' title='Quand toute l&rsquo;\u00e9cole f\u00eate le carnaval'>Quand toute l&rsquo;\u00e9cole f\u00eate le carnaval<\/a><\/h3><span class=\"av-vertical-delimiter\"><\/span><\/header><div class=\"slide-meta\"><time class='slide-meta-time updated'  itemprop=\"datePublished\" datetime=\"2026-03-10T13:28:44+01:00\" >10 mars 2026<\/time><\/div><div class='slide-entry-excerpt entry-content'  itemprop=\"text\" ><div class=\"read-more-link\"><a href=\"https:\/\/www.idsp.fr\/fr\/34578\/\" class=\"more-link\">Lire la suite<span class='more-link-arrow avia-svg-icon avia-font-svg_entypo-fontello' data-av_svg_icon='right-open-big' data-av_iconset='svg_entypo-fontello'><svg version=\"1.1\" xmlns=\"http:\/\/www.w3.org\/2000\/svg\" width=\"15\" height=\"32\" viewBox=\"0 0 15 32\" preserveAspectRatio=\"xMidYMid meet\" role=\"graphics-symbol\" aria-hidden=\"true\">\n<path d=\"M0.416 27.84l11.456-11.84-11.456-11.904q-0.832-0.832 0-1.536 0.832-0.832 1.536 0l12.544 12.608q0.768 0.832 0 1.6l-12.544 12.608q-0.704 0.832-1.536 0-0.832-0.704 0-1.536z\"><\/path>\n<\/svg><\/span><\/a><\/div><\/div><\/div><footer class=\"entry-footer\"><\/footer><span class='hidden'>\n\t\t\t\t<span class='av-structured-data'  itemprop=\"image\" itemscope=\"itemscope\" itemtype=\"https:\/\/schema.org\/ImageObject\" >\n\t\t\t\t\t\t<span itemprop='url'>https:\/\/www.idsp.fr\/wp-content\/uploads\/2026\/03\/busy.webp<\/span>\n\t\t\t\t\t\t<span itemprop='height'>1064<\/span>\n\t\t\t\t\t\t<span itemprop='width'>1600<\/span>\n\t\t\t\t<\/span>\n\t\t\t\t<span class='av-structured-data'  itemprop=\"publisher\" itemtype=\"https:\/\/schema.org\/Organization\" itemscope=\"itemscope\" >\n\t\t\t\t\t\t<span itemprop='name'>Marketing Kommunikation<\/span>\n\t\t\t\t\t\t<span itemprop='logo' itemscope itemtype='https:\/\/schema.org\/ImageObject'>\n\t\t\t\t\t\t\t<span itemprop='url'>https:\/\/www.idsp.fr\/wp-content\/uploads\/2023\/09\/Logo-mit-Zusatz_quer_fuer-WEB-mit-transp.-Hintergrund.png<\/span>\n\t\t\t\t\t\t<\/span>\n\t\t\t\t<\/span><span class='av-structured-data'  itemprop=\"author\" itemscope=\"itemscope\" itemtype=\"https:\/\/schema.org\/Person\" ><span itemprop='name'>Marketing Kommunikation<\/span><\/span><span class='av-structured-data'  itemprop=\"datePublished\" datetime=\"2020-10-02T15:39:34+02:00\" >2026-03-10 13:28:44<\/span><span class='av-structured-data'  itemprop=\"dateModified\" itemtype=\"https:\/\/schema.org\/dateModified\" >2026-03-12 13:33:59<\/span><span class='av-structured-data'  itemprop=\"mainEntityOfPage\" itemtype=\"https:\/\/schema.org\/mainEntityOfPage\" ><span itemprop='name'>Quand toute l&rsquo;\u00e9cole f\u00eate le carnaval<\/span><\/span><\/span><\/article><article class='slide-entry flex_column  post-entry post-entry-34569 slide-entry-overview slide-loop-14 slide-parity-even  av_one_third  real-thumbnail posttype-post post-format-standard'  itemscope=\"itemscope\" itemtype=\"https:\/\/schema.org\/CreativeWork\" ><a href='https:\/\/www.idsp.fr\/fr\/nouveau-partenariat-pedagogique-lidsp-coopere-avec-educarte\/' data-rel='slide-1' class='slide-image' title='Nouveau partenariat p\u00e9dagogique: l\u2019iDSP coop\u00e8re avec Educ\u2019ARTE'><img decoding=\"async\" fetchpriority=\"high\" width=\"495\" height=\"400\" src=\"https:\/\/www.idsp.fr\/wp-content\/uploads\/2026\/03\/Logo_EducARTE-495x400.png\" class=\"wp-image-34522 avia-img-lazy-loading-not-34522 attachment-portfolio size-portfolio wp-post-image\" alt=\"\" \/><\/a><div class=\"slide-content\"><header class=\"entry-content-header\" aria-label=\"Slide: Nouveau partenariat p\u00e9dagogique: l\u2019iDSP coop\u00e8re avec Educ\u2019ARTE\"><h3 class='slide-entry-title entry-title '  itemprop=\"headline\" ><a href='https:\/\/www.idsp.fr\/fr\/nouveau-partenariat-pedagogique-lidsp-coopere-avec-educarte\/' title='Nouveau partenariat p\u00e9dagogique: l\u2019iDSP coop\u00e8re avec Educ\u2019ARTE'>Nouveau partenariat p\u00e9dagogique: l\u2019iDSP coop\u00e8re avec Educ\u2019ARTE<\/a><\/h3><span class=\"av-vertical-delimiter\"><\/span><\/header><div class=\"slide-meta\"><time class='slide-meta-time updated'  itemprop=\"datePublished\" datetime=\"2026-03-10T13:08:55+01:00\" >10 mars 2026<\/time><\/div><div class='slide-entry-excerpt entry-content'  itemprop=\"text\" ><div class=\"read-more-link\"><a href=\"https:\/\/www.idsp.fr\/fr\/nouveau-partenariat-pedagogique-lidsp-coopere-avec-educarte\/\" class=\"more-link\">Lire la suite<span class='more-link-arrow avia-svg-icon avia-font-svg_entypo-fontello' data-av_svg_icon='right-open-big' data-av_iconset='svg_entypo-fontello'><svg version=\"1.1\" xmlns=\"http:\/\/www.w3.org\/2000\/svg\" width=\"15\" height=\"32\" viewBox=\"0 0 15 32\" preserveAspectRatio=\"xMidYMid meet\" role=\"graphics-symbol\" aria-hidden=\"true\">\n<path d=\"M0.416 27.84l11.456-11.84-11.456-11.904q-0.832-0.832 0-1.536 0.832-0.832 1.536 0l12.544 12.608q0.768 0.832 0 1.6l-12.544 12.608q-0.704 0.832-1.536 0-0.832-0.704 0-1.536z\"><\/path>\n<\/svg><\/span><\/a><\/div><\/div><\/div><footer class=\"entry-footer\"><\/footer><span class='hidden'>\n\t\t\t\t<span class='av-structured-data'  itemprop=\"image\" itemscope=\"itemscope\" itemtype=\"https:\/\/schema.org\/ImageObject\" >\n\t\t\t\t\t\t<span itemprop='url'>https:\/\/www.idsp.fr\/wp-content\/uploads\/2026\/03\/Logo_EducARTE.png<\/span>\n\t\t\t\t\t\t<span itemprop='height'>564<\/span>\n\t\t\t\t\t\t<span itemprop='width'>1108<\/span>\n\t\t\t\t<\/span>\n\t\t\t\t<span class='av-structured-data'  itemprop=\"publisher\" itemtype=\"https:\/\/schema.org\/Organization\" itemscope=\"itemscope\" >\n\t\t\t\t\t\t<span itemprop='name'>Marketing Kommunikation<\/span>\n\t\t\t\t\t\t<span itemprop='logo' itemscope itemtype='https:\/\/schema.org\/ImageObject'>\n\t\t\t\t\t\t\t<span itemprop='url'>https:\/\/www.idsp.fr\/wp-content\/uploads\/2023\/09\/Logo-mit-Zusatz_quer_fuer-WEB-mit-transp.-Hintergrund.png<\/span>\n\t\t\t\t\t\t<\/span>\n\t\t\t\t<\/span><span class='av-structured-data'  itemprop=\"author\" itemscope=\"itemscope\" itemtype=\"https:\/\/schema.org\/Person\" ><span itemprop='name'>Marketing Kommunikation<\/span><\/span><span class='av-structured-data'  itemprop=\"datePublished\" datetime=\"2020-10-02T15:39:34+02:00\" >2026-03-10 13:08:55<\/span><span class='av-structured-data'  itemprop=\"dateModified\" itemtype=\"https:\/\/schema.org\/dateModified\" >2026-03-10 13:08:55<\/span><span class='av-structured-data'  itemprop=\"mainEntityOfPage\" itemtype=\"https:\/\/schema.org\/mainEntityOfPage\" ><span itemprop='name'>Nouveau partenariat p\u00e9dagogique: l\u2019iDSP coop\u00e8re avec Educ\u2019ARTE<\/span><\/span><\/span><\/article><article class='slide-entry flex_column  post-entry post-entry-34558 slide-entry-overview slide-loop-15 slide-parity-odd  av_one_third  real-thumbnail posttype-post post-format-standard'  itemscope=\"itemscope\" itemtype=\"https:\/\/schema.org\/CreativeWork\" ><a href='https:\/\/www.idsp.fr\/fr\/4211-km-un-voyage-entre-langues-lieux-et-identite-au-theatre-marigny\/' data-rel='slide-1' class='slide-image' title='4211 km: Un voyage entre langues, lieux et identit\u00e9 au th\u00e9\u00e2tre Marigny'><img decoding=\"async\" fetchpriority=\"high\" width=\"495\" height=\"400\" src=\"https:\/\/www.idsp.fr\/wp-content\/uploads\/2026\/02\/Affiche-1-495x400.jpg\" class=\"wp-image-34422 avia-img-lazy-loading-not-34422 attachment-portfolio size-portfolio wp-post-image\" alt=\"\" srcset=\"https:\/\/www.idsp.fr\/wp-content\/uploads\/2026\/02\/Affiche-1-495x400.jpg 495w, https:\/\/www.idsp.fr\/wp-content\/uploads\/2026\/02\/Affiche-1-845x684.jpg 845w\" sizes=\"(max-width: 495px) 100vw, 495px\" \/><\/a><div class=\"slide-content\"><header class=\"entry-content-header\" aria-label=\"Slide: 4211 km: Un voyage entre langues, lieux et identit\u00e9 au th\u00e9\u00e2tre Marigny\"><h3 class='slide-entry-title entry-title '  itemprop=\"headline\" ><a href='https:\/\/www.idsp.fr\/fr\/4211-km-un-voyage-entre-langues-lieux-et-identite-au-theatre-marigny\/' title='4211 km: Un voyage entre langues, lieux et identit\u00e9 au th\u00e9\u00e2tre Marigny'>4211 km: Un voyage entre langues, lieux et identit\u00e9 au th\u00e9\u00e2tre Marigny<\/a><\/h3><span class=\"av-vertical-delimiter\"><\/span><\/header><div class=\"slide-meta\"><time class='slide-meta-time updated'  itemprop=\"datePublished\" datetime=\"2026-03-10T12:47:13+01:00\" >10 mars 2026<\/time><\/div><div class='slide-entry-excerpt entry-content'  itemprop=\"text\" ><div class=\"read-more-link\"><a href=\"https:\/\/www.idsp.fr\/fr\/4211-km-un-voyage-entre-langues-lieux-et-identite-au-theatre-marigny\/\" class=\"more-link\">Lire la suite<span class='more-link-arrow avia-svg-icon avia-font-svg_entypo-fontello' data-av_svg_icon='right-open-big' data-av_iconset='svg_entypo-fontello'><svg version=\"1.1\" xmlns=\"http:\/\/www.w3.org\/2000\/svg\" width=\"15\" height=\"32\" viewBox=\"0 0 15 32\" preserveAspectRatio=\"xMidYMid meet\" role=\"graphics-symbol\" aria-hidden=\"true\">\n<path d=\"M0.416 27.84l11.456-11.84-11.456-11.904q-0.832-0.832 0-1.536 0.832-0.832 1.536 0l12.544 12.608q0.768 0.832 0 1.6l-12.544 12.608q-0.704 0.832-1.536 0-0.832-0.704 0-1.536z\"><\/path>\n<\/svg><\/span><\/a><\/div><\/div><\/div><footer class=\"entry-footer\"><\/footer><span class='hidden'>\n\t\t\t\t<span class='av-structured-data'  itemprop=\"image\" itemscope=\"itemscope\" itemtype=\"https:\/\/schema.org\/ImageObject\" >\n\t\t\t\t\t\t<span itemprop='url'>https:\/\/www.idsp.fr\/wp-content\/uploads\/2026\/02\/Affiche-1-scaled.jpg<\/span>\n\t\t\t\t\t\t<span itemprop='height'>2560<\/span>\n\t\t\t\t\t\t<span itemprop='width'>1861<\/span>\n\t\t\t\t<\/span>\n\t\t\t\t<span class='av-structured-data'  itemprop=\"publisher\" itemtype=\"https:\/\/schema.org\/Organization\" itemscope=\"itemscope\" >\n\t\t\t\t\t\t<span itemprop='name'>andrea<\/span>\n\t\t\t\t\t\t<span itemprop='logo' itemscope itemtype='https:\/\/schema.org\/ImageObject'>\n\t\t\t\t\t\t\t<span itemprop='url'>https:\/\/www.idsp.fr\/wp-content\/uploads\/2023\/09\/Logo-mit-Zusatz_quer_fuer-WEB-mit-transp.-Hintergrund.png<\/span>\n\t\t\t\t\t\t<\/span>\n\t\t\t\t<\/span><span class='av-structured-data'  itemprop=\"author\" itemscope=\"itemscope\" itemtype=\"https:\/\/schema.org\/Person\" ><span itemprop='name'>andrea<\/span><\/span><span class='av-structured-data'  itemprop=\"datePublished\" datetime=\"2020-10-02T15:39:34+02:00\" >2026-03-10 12:47:13<\/span><span class='av-structured-data'  itemprop=\"dateModified\" itemtype=\"https:\/\/schema.org\/dateModified\" >2026-03-10 12:49:52<\/span><span class='av-structured-data'  itemprop=\"mainEntityOfPage\" itemtype=\"https:\/\/schema.org\/mainEntityOfPage\" ><span itemprop='name'>4211 km: Un voyage entre langues, lieux et identit\u00e9 au th\u00e9\u00e2tre Marigny<\/span><\/span><\/span><\/article><\/div><div class=\"slide-entry-wrap\"><article class='slide-entry flex_column  post-entry post-entry-34564 slide-entry-overview slide-loop-16 slide-parity-odd  post-entry-last  av_one_third first real-thumbnail posttype-post post-format-standard'  itemscope=\"itemscope\" itemtype=\"https:\/\/schema.org\/CreativeWork\" ><a href='https:\/\/www.idsp.fr\/fr\/une-tradition-de-solidarite-pendant-la-semaine-du-baccalaureat\/' data-rel='slide-1' class='slide-image' title='Une tradition de solidarit\u00e9 pendant la semaine du baccalaur\u00e9at'><img decoding=\"async\" fetchpriority=\"high\" width=\"495\" height=\"400\" src=\"https:\/\/www.idsp.fr\/wp-content\/uploads\/2026\/02\/Abi_Zeichnung_Marie-495x400.jpg\" class=\"wp-image-34472 avia-img-lazy-loading-not-34472 attachment-portfolio size-portfolio wp-post-image\" alt=\"\" srcset=\"https:\/\/www.idsp.fr\/wp-content\/uploads\/2026\/02\/Abi_Zeichnung_Marie-495x400.jpg 495w, https:\/\/www.idsp.fr\/wp-content\/uploads\/2026\/02\/Abi_Zeichnung_Marie-845x684.jpg 845w\" sizes=\"(max-width: 495px) 100vw, 495px\" \/><\/a><div class=\"slide-content\"><header class=\"entry-content-header\" aria-label=\"Slide: Une tradition de solidarit\u00e9 pendant la semaine du baccalaur\u00e9at\"><h3 class='slide-entry-title entry-title '  itemprop=\"headline\" ><a href='https:\/\/www.idsp.fr\/fr\/une-tradition-de-solidarite-pendant-la-semaine-du-baccalaureat\/' title='Une tradition de solidarit\u00e9 pendant la semaine du baccalaur\u00e9at'>Une tradition de solidarit\u00e9 pendant la semaine du baccalaur\u00e9at<\/a><\/h3><span class=\"av-vertical-delimiter\"><\/span><\/header><div class=\"slide-meta\"><time class='slide-meta-time updated'  itemprop=\"datePublished\" datetime=\"2026-02-16T16:00:24+01:00\" >16 f\u00e9vrier 2026<\/time><\/div><div class='slide-entry-excerpt entry-content'  itemprop=\"text\" ><div class=\"read-more-link\"><a href=\"https:\/\/www.idsp.fr\/fr\/une-tradition-de-solidarite-pendant-la-semaine-du-baccalaureat\/\" class=\"more-link\">Lire la suite<span class='more-link-arrow avia-svg-icon avia-font-svg_entypo-fontello' data-av_svg_icon='right-open-big' data-av_iconset='svg_entypo-fontello'><svg version=\"1.1\" xmlns=\"http:\/\/www.w3.org\/2000\/svg\" width=\"15\" height=\"32\" viewBox=\"0 0 15 32\" preserveAspectRatio=\"xMidYMid meet\" role=\"graphics-symbol\" aria-hidden=\"true\">\n<path d=\"M0.416 27.84l11.456-11.84-11.456-11.904q-0.832-0.832 0-1.536 0.832-0.832 1.536 0l12.544 12.608q0.768 0.832 0 1.6l-12.544 12.608q-0.704 0.832-1.536 0-0.832-0.704 0-1.536z\"><\/path>\n<\/svg><\/span><\/a><\/div><\/div><\/div><footer class=\"entry-footer\"><\/footer><span class='hidden'>\n\t\t\t\t<span class='av-structured-data'  itemprop=\"image\" itemscope=\"itemscope\" itemtype=\"https:\/\/schema.org\/ImageObject\" >\n\t\t\t\t\t\t<span itemprop='url'>https:\/\/www.idsp.fr\/wp-content\/uploads\/2026\/02\/Abi_Zeichnung_Marie.jpg<\/span>\n\t\t\t\t\t\t<span itemprop='height'>1191<\/span>\n\t\t\t\t\t\t<span itemprop='width'>1743<\/span>\n\t\t\t\t<\/span>\n\t\t\t\t<span class='av-structured-data'  itemprop=\"publisher\" itemtype=\"https:\/\/schema.org\/Organization\" itemscope=\"itemscope\" >\n\t\t\t\t\t\t<span itemprop='name'>andrea<\/span>\n\t\t\t\t\t\t<span itemprop='logo' itemscope itemtype='https:\/\/schema.org\/ImageObject'>\n\t\t\t\t\t\t\t<span itemprop='url'>https:\/\/www.idsp.fr\/wp-content\/uploads\/2023\/09\/Logo-mit-Zusatz_quer_fuer-WEB-mit-transp.-Hintergrund.png<\/span>\n\t\t\t\t\t\t<\/span>\n\t\t\t\t<\/span><span class='av-structured-data'  itemprop=\"author\" itemscope=\"itemscope\" itemtype=\"https:\/\/schema.org\/Person\" ><span itemprop='name'>andrea<\/span><\/span><span class='av-structured-data'  itemprop=\"datePublished\" datetime=\"2020-10-02T15:39:34+02:00\" >2026-02-16 16:00:24<\/span><span class='av-structured-data'  itemprop=\"dateModified\" itemtype=\"https:\/\/schema.org\/dateModified\" >2026-03-13 07:04:55<\/span><span class='av-structured-data'  itemprop=\"mainEntityOfPage\" itemtype=\"https:\/\/schema.org\/mainEntityOfPage\" ><span itemprop='name'>Une tradition de solidarit\u00e9 pendant la semaine du baccalaur\u00e9at<\/span><\/span><\/span><\/article><\/div><\/div><div class='pagination-wrap pagination-slider'><nav class='pagination'><span class='pagination-meta'>Page 1 sur 4<\/span><span class='current'>1<\/span><a href='https:\/\/www.idsp.fr\/fr\/wp-json\/wp\/v2\/pages\/4498\/?avia-element-paging=2' class='inactive next_page' >2<\/a><a href='https:\/\/www.idsp.fr\/fr\/wp-json\/wp\/v2\/pages\/4498\/?avia-element-paging=3' class='inactive' >3<\/a><a href='https:\/\/www.idsp.fr\/fr\/wp-json\/wp\/v2\/pages\/4498\/?avia-element-paging=4' class='inactive' >4<\/a><\/nav>\n<\/div><\/div>\n","protected":false},"excerpt":{"rendered":"","protected":false},"author":3,"featured_media":0,"parent":4093,"menu_order":1,"comment_status":"closed","ping_status":"closed","template":"","meta":{"footnotes":""},"class_list":["post-4498","page","type-page","status-publish","hentry"],"yoast_head":"<!-- This site is optimized with the Yoast SEO plugin v27.4 - https:\/\/yoast.com\/product\/yoast-seo-wordpress\/ -->\n<title>Actualit\u00e9s - iDSP - La Schule - Internationale Deutsche Schule Paris<\/title>\n<meta name=\"robots\" content=\"index, follow, max-snippet:-1, max-image-preview:large, max-video-preview:-1\" \/>\n<link rel=\"canonical\" href=\"https:\/\/www.idsp.fr\/fr\/secondaire\/actualites\/\" \/>\n<meta property=\"og:locale\" content=\"fr_FR\" \/>\n<meta property=\"og:type\" content=\"article\" \/>\n<meta property=\"og:title\" content=\"Actualit\u00e9s - iDSP - La Schule - Internationale Deutsche Schule Paris\" \/>\n<meta property=\"og:url\" content=\"https:\/\/www.idsp.fr\/fr\/secondaire\/actualites\/\" \/>\n<meta property=\"og:site_name\" content=\"iDSP - La Schule - Internationale Deutsche Schule Paris\" \/>\n<meta property=\"article:modified_time\" content=\"2020-10-14T11:24:11+00:00\" \/>\n<meta name=\"twitter:card\" content=\"summary_large_image\" \/>\n<meta name=\"twitter:label1\" content=\"Dur\u00e9e de lecture estim\u00e9e\" \/>\n\t<meta name=\"twitter:data1\" content=\"1 minute\" \/>\n<script type=\"application\/ld+json\" class=\"yoast-schema-graph\">{\"@context\":\"https:\\\/\\\/schema.org\",\"@graph\":[{\"@type\":\"WebPage\",\"@id\":\"https:\\\/\\\/www.idsp.fr\\\/fr\\\/secondaire\\\/actualites\\\/\",\"url\":\"https:\\\/\\\/www.idsp.fr\\\/fr\\\/secondaire\\\/actualites\\\/\",\"name\":\"Actualit\u00e9s - iDSP - La Schule - Internationale Deutsche Schule Paris\",\"isPartOf\":{\"@id\":\"https:\\\/\\\/www.idsp.fr\\\/#website\"},\"datePublished\":\"2020-10-02T13:39:34+00:00\",\"dateModified\":\"2020-10-14T11:24:11+00:00\",\"breadcrumb\":{\"@id\":\"https:\\\/\\\/www.idsp.fr\\\/fr\\\/secondaire\\\/actualites\\\/#breadcrumb\"},\"inLanguage\":\"fr-FR\",\"potentialAction\":[{\"@type\":\"ReadAction\",\"target\":[\"https:\\\/\\\/www.idsp.fr\\\/fr\\\/secondaire\\\/actualites\\\/\"]}]},{\"@type\":\"BreadcrumbList\",\"@id\":\"https:\\\/\\\/www.idsp.fr\\\/fr\\\/secondaire\\\/actualites\\\/#breadcrumb\",\"itemListElement\":[{\"@type\":\"ListItem\",\"position\":1,\"name\":\"Startseite\",\"item\":\"https:\\\/\\\/www.idsp.fr\\\/fr\\\/idsp-ecole-allemande-internationale-de-paris\\\/\"},{\"@type\":\"ListItem\",\"position\":2,\"name\":\"Secondaire\",\"item\":\"https:\\\/\\\/www.idsp.fr\\\/fr\\\/secondaire\\\/\"},{\"@type\":\"ListItem\",\"position\":3,\"name\":\"Actualit\u00e9s\"}]},{\"@type\":\"WebSite\",\"@id\":\"https:\\\/\\\/www.idsp.fr\\\/#website\",\"url\":\"https:\\\/\\\/www.idsp.fr\\\/\",\"name\":\"iDSP - La Schule - Internationale Deutsche Schule Paris\",\"description\":\"\",\"potentialAction\":[{\"@type\":\"SearchAction\",\"target\":{\"@type\":\"EntryPoint\",\"urlTemplate\":\"https:\\\/\\\/www.idsp.fr\\\/?s={search_term_string}\"},\"query-input\":{\"@type\":\"PropertyValueSpecification\",\"valueRequired\":true,\"valueName\":\"search_term_string\"}}],\"inLanguage\":\"fr-FR\"}]}<\/script>\n<!-- \/ Yoast SEO plugin. -->","yoast_head_json":{"title":"Actualit\u00e9s - iDSP - La Schule - Internationale Deutsche Schule Paris","robots":{"index":"index","follow":"follow","max-snippet":"max-snippet:-1","max-image-preview":"max-image-preview:large","max-video-preview":"max-video-preview:-1"},"canonical":"https:\/\/www.idsp.fr\/fr\/secondaire\/actualites\/","og_locale":"fr_FR","og_type":"article","og_title":"Actualit\u00e9s - iDSP - La Schule - Internationale Deutsche Schule Paris","og_url":"https:\/\/www.idsp.fr\/fr\/secondaire\/actualites\/","og_site_name":"iDSP - La Schule - Internationale Deutsche Schule Paris","article_modified_time":"2020-10-14T11:24:11+00:00","twitter_card":"summary_large_image","twitter_misc":{"Dur\u00e9e de lecture estim\u00e9e":"1 minute"},"schema":{"@context":"https:\/\/schema.org","@graph":[{"@type":"WebPage","@id":"https:\/\/www.idsp.fr\/fr\/secondaire\/actualites\/","url":"https:\/\/www.idsp.fr\/fr\/secondaire\/actualites\/","name":"Actualit\u00e9s - iDSP - La Schule - Internationale Deutsche Schule Paris","isPartOf":{"@id":"https:\/\/www.idsp.fr\/#website"},"datePublished":"2020-10-02T13:39:34+00:00","dateModified":"2020-10-14T11:24:11+00:00","breadcrumb":{"@id":"https:\/\/www.idsp.fr\/fr\/secondaire\/actualites\/#breadcrumb"},"inLanguage":"fr-FR","potentialAction":[{"@type":"ReadAction","target":["https:\/\/www.idsp.fr\/fr\/secondaire\/actualites\/"]}]},{"@type":"BreadcrumbList","@id":"https:\/\/www.idsp.fr\/fr\/secondaire\/actualites\/#breadcrumb","itemListElement":[{"@type":"ListItem","position":1,"name":"Startseite","item":"https:\/\/www.idsp.fr\/fr\/idsp-ecole-allemande-internationale-de-paris\/"},{"@type":"ListItem","position":2,"name":"Secondaire","item":"https:\/\/www.idsp.fr\/fr\/secondaire\/"},{"@type":"ListItem","position":3,"name":"Actualit\u00e9s"}]},{"@type":"WebSite","@id":"https:\/\/www.idsp.fr\/#website","url":"https:\/\/www.idsp.fr\/","name":"iDSP - La Schule - Internationale Deutsche Schule Paris","description":"","potentialAction":[{"@type":"SearchAction","target":{"@type":"EntryPoint","urlTemplate":"https:\/\/www.idsp.fr\/?s={search_term_string}"},"query-input":{"@type":"PropertyValueSpecification","valueRequired":true,"valueName":"search_term_string"}}],"inLanguage":"fr-FR"}]}},"_links":{"self":[{"href":"https:\/\/www.idsp.fr\/fr\/wp-json\/wp\/v2\/pages\/4498","targetHints":{"allow":["GET"]}}],"collection":[{"href":"https:\/\/www.idsp.fr\/fr\/wp-json\/wp\/v2\/pages"}],"about":[{"href":"https:\/\/www.idsp.fr\/fr\/wp-json\/wp\/v2\/types\/page"}],"author":[{"embeddable":true,"href":"https:\/\/www.idsp.fr\/fr\/wp-json\/wp\/v2\/users\/3"}],"replies":[{"embeddable":true,"href":"https:\/\/www.idsp.fr\/fr\/wp-json\/wp\/v2\/comments?post=4498"}],"version-history":[{"count":0,"href":"https:\/\/www.idsp.fr\/fr\/wp-json\/wp\/v2\/pages\/4498\/revisions"}],"up":[{"embeddable":true,"href":"https:\/\/www.idsp.fr\/fr\/wp-json\/wp\/v2\/pages\/4093"}],"wp:attachment":[{"href":"https:\/\/www.idsp.fr\/fr\/wp-json\/wp\/v2\/media?parent=4498"}],"curies":[{"name":"wp","href":"https:\/\/api.w.org\/{rel}","templated":true}]}}