{"id":4028,"date":"2021-08-24T15:07:09","date_gmt":"2021-08-24T13:07:09","guid":{"rendered":"https:\/\/www.idsp.fr\/?page_id=4028"},"modified":"2023-05-23T17:16:45","modified_gmt":"2023-05-23T15:16:45","slug":"faq","status":"publish","type":"page","link":"https:\/\/www.idsp.fr\/fr\/faq\/","title":{"rendered":"FAQ"},"content":{"rendered":"\n<style type=\"text\/css\" data-created_by=\"avia_inline_auto\" id=\"style-css-av-k9tzp0ta-6dd7479124f797f4d8afc0b20a8557c6\">\n.avia-section.av-k9tzp0ta-6dd7479124f797f4d8afc0b20a8557c6{\nbackground-color:#024d7d;\nbackground-image:unset;\n}\n<\/style>\n<div id='av_section_1'  class='avia-section av-k9tzp0ta-6dd7479124f797f4d8afc0b20a8557c6 main_color avia-section-small avia-no-border-styling  avia-builder-el-0  el_before_av_one_full  avia-builder-el-first  avia-bg-style-scroll av-minimum-height av-minimum-height-custom av-height-custom  container_wrap sidebar_right'   data-av_minimum_height_px='100'><div class='container av-section-cont-open' style='height:100px'><main  role=\"main\" itemprop=\"mainContentOfPage\"  class='template-page content  av-content-small alpha units'><div class='post-entry post-entry-type-page post-entry-4028'><div class='entry-content-wrapper clearfix'>\n\n<style type=\"text\/css\" data-created_by=\"avia_inline_auto\" id=\"style-css-av-3vp8ho-0f8374c16e6d629aabeae59df08a87e7\">\n#top .av-special-heading.av-3vp8ho-0f8374c16e6d629aabeae59df08a87e7{\npadding-bottom:10px;\ncolor:#ffffff;\n}\nbody .av-special-heading.av-3vp8ho-0f8374c16e6d629aabeae59df08a87e7 .av-special-heading-tag .heading-char{\nfont-size:25px;\n}\n.av-special-heading.av-3vp8ho-0f8374c16e6d629aabeae59df08a87e7 .special-heading-inner-border{\nborder-color:#ffffff;\n}\n.av-special-heading.av-3vp8ho-0f8374c16e6d629aabeae59df08a87e7 .av-subheading{\nfont-size:15px;\n}\n<\/style>\n<div  class='av-special-heading av-3vp8ho-0f8374c16e6d629aabeae59df08a87e7 av-special-heading-h2 custom-color-heading  avia-builder-el-1  avia-builder-el-no-sibling '><h2 class='av-special-heading-tag '  itemprop=\"headline\"  >FAQ<\/h2><div class=\"special-heading-border\"><div class=\"special-heading-inner-border\"><\/div><\/div><\/div>\n<\/div><\/div><\/main><!-- close content main element --><\/div><\/div><div id='after_section_1'  class='main_color av_default_container_wrap container_wrap sidebar_right'  ><div class='container av-section-cont-open' ><div class='template-page content  av-content-small alpha units'><div class='post-entry post-entry-type-page post-entry-4028'><div class='entry-content-wrapper clearfix'>\n\n<style type=\"text\/css\" data-created_by=\"avia_inline_auto\" id=\"style-css-av-34vfz0-f171fb649fd242f54962188cf262d3b5\">\n.flex_column.av-34vfz0-f171fb649fd242f54962188cf262d3b5{\nborder-radius:0px 0px 0px 0px;\npadding:0px 0px 0px 0px;\n}\n<\/style>\n<div  class='flex_column av-34vfz0-f171fb649fd242f54962188cf262d3b5 av_one_full  avia-builder-el-2  el_after_av_section  el_before_av_one_full  avia-builder-el-first  first flex_column_div av-zero-column-padding  '     ><section  class='av_textblock_section av-kf545mof-2336ac9a14fa7469a1fe831130a394ba '   itemscope=\"itemscope\" itemtype=\"https:\/\/schema.org\/CreativeWork\" ><div class='avia_textblock'  itemprop=\"text\" ><blockquote>\n<p>Vous trouverez ici les r\u00e9ponses aux questions les plus fr\u00e9quentes concernant la vie scolaire<\/p>\n<\/blockquote>\n<p>Si vous avez des questions susceptibles d&rsquo;int\u00e9resser d&rsquo;autres parents, veuillez contacter Mme Lattemann: <a href=\"mailto:rp@idsp.fr\">rp@idsp.fr<\/a><\/p>\n<\/div><\/section><br \/>\n<div  class='togglecontainer av-mhxdc-8c4fddad3570ddfc08c7c4fff74208e9  avia-builder-el-4  el_after_av_textblock  avia-builder-el-last  toggle_close_all' >\n<section class='av_toggle_section av-2bmmqk-cd48febb0d300ea12185887712290e34'  itemscope=\"itemscope\" itemtype=\"https:\/\/schema.org\/CreativeWork\" ><div role=\"tablist\" class=\"single_toggle\" data-tags=\"{Tout} \"  ><p id='toggle-toggle-id-1' data-fake-id='#toggle-id-1' class='toggler  av-title-above '  itemprop=\"headline\"  role='tab' tabindex='0' aria-controls='toggle-id-1' data-slide-speed=\"200\" data-title=\"Enseignement\" data-title-open=\"\" data-aria_collapsed=\"Cliquez pour \u00e9tendre : Enseignement\" data-aria_expanded=\"Cliquez pour r\u00e9duire : Enseignement\">Enseignement<span class=\"toggle_icon\"><span class=\"vert_icon\"><\/span><span class=\"hor_icon\"><\/span><\/span><\/p><div id='toggle-id-1' aria-labelledby='toggle-toggle-id-1' role='region' class='toggle_wrap  av-title-above'  ><div class='toggle_content invers-color '  itemprop=\"text\" ><h4>\n<style type=\"text\/css\" data-created_by=\"avia_inline_auto\" id=\"style-css-av-2z33z0-63273bf3eb7f97e41826ed529e22370f\">\n.av_font_icon.av-2z33z0-63273bf3eb7f97e41826ed529e22370f{\ncolor:#edae44;\nborder-color:#edae44;\n}\n.avia-svg-icon.av-2z33z0-63273bf3eb7f97e41826ed529e22370f svg:first-child{\nstroke:#edae44;\nfill:#edae44;\n}\n.av_font_icon.av-2z33z0-63273bf3eb7f97e41826ed529e22370f .av-icon-char{\nfont-size:25px;\nline-height:25px;\n}\n<\/style>\n<span  class='av_font_icon av-2z33z0-63273bf3eb7f97e41826ed529e22370f avia_animate_when_visible av-icon-style- avia-icon-pos-left avia-iconfont avia-font-entypo-fontello avia-icon-animate'><span class='av-icon-char' data-av_icon='\ue81f' data-av_iconfont='entypo-fontello' aria-hidden=\"true\" ><\/span><\/span> ENSEIGNEMENT \u00c0 DISTANCE<\/h4>\n<p><strong>Sur quels principes se fonde aujourd&rsquo;hui l&rsquo;enseignement \u00e0 distance \u00e0 l&rsquo;iDSP ?<\/strong><\/p>\n<p>\n<style type=\"text\/css\" data-created_by=\"avia_inline_auto\" id=\"style-css-av-o40o-c1980f1ecca1a728b26334487c417c24\">\n.av_font_icon.av-o40o-c1980f1ecca1a728b26334487c417c24{\ncolor:#edae44;\nborder-color:#edae44;\n}\n.avia-svg-icon.av-o40o-c1980f1ecca1a728b26334487c417c24 svg:first-child{\nstroke:#edae44;\nfill:#edae44;\n}\n.av_font_icon.av-o40o-c1980f1ecca1a728b26334487c417c24 .av-icon-char{\nfont-size:25px;\nline-height:25px;\n}\n<\/style>\n<span  class='av_font_icon av-o40o-c1980f1ecca1a728b26334487c417c24 avia_animate_when_visible av-icon-style- avia-icon-pos-left avia-iconfont avia-font-entypo-fontello avia-icon-animate'><span class='av-icon-char' data-av_icon='\ue881' data-av_iconfont='entypo-fontello' aria-hidden=\"true\" ><\/span><\/span> Les principes de l&rsquo;enseignement \u00e0 distance \u00e0 l&rsquo;iDSP se fondent sur les exp\u00e9riences de la premi\u00e8re phase de l&rsquo;enseignement \u00e0 distance \u00e0 l&rsquo;iDSP (printemps 2020), sur les connaissances et les comp\u00e9tences acquises dans le cadre de la formation continue, mais aussi sur les r\u00e9sultats scientifiques et p\u00e9dagogiques internationaux sur le th\u00e8me de la \u00ab\u00a0digitalisation\u00a0\u00bb de l&rsquo;ann\u00e9e pass\u00e9e.<\/p>\n<p><strong>Dans le cas o\u00f9 la fermeture provisoire\u00a0 d&rsquo;une classe ou de toute l&rsquo;\u00e9cole serait n\u00e9cessaire, comment l&rsquo;enseignement \u00e0 distance serait-il organis\u00e9 pour l&rsquo;\u00e9cole primaire ?<\/strong><\/p>\n<p>\n<style type=\"text\/css\" data-created_by=\"avia_inline_auto\" id=\"style-css-av-o40o-c1980f1ecca1a728b26334487c417c24\">\n.av_font_icon.av-o40o-c1980f1ecca1a728b26334487c417c24{\ncolor:#edae44;\nborder-color:#edae44;\n}\n.avia-svg-icon.av-o40o-c1980f1ecca1a728b26334487c417c24 svg:first-child{\nstroke:#edae44;\nfill:#edae44;\n}\n.av_font_icon.av-o40o-c1980f1ecca1a728b26334487c417c24 .av-icon-char{\nfont-size:25px;\nline-height:25px;\n}\n<\/style>\n<span  class='av_font_icon av-o40o-c1980f1ecca1a728b26334487c417c24 avia_animate_when_visible av-icon-style- avia-icon-pos-left avia-iconfont avia-font-entypo-fontello avia-icon-animate'><span class='av-icon-char' data-av_icon='\ue881' data-av_iconfont='entypo-fontello' aria-hidden=\"true\" ><\/span><\/span><a href=\"https:\/\/www.idsp.fr\/wp-content\/uploads\/2020\/10\/Enseignement_distantiel_primaire.pdf\" target=\"_blank\" rel=\"noopener\">Principes de l&rsquo;enseignement \u00e0 distance \u00e0 l&rsquo;\u00e9cole primaire<\/a><\/p>\n<p><strong>Dans le cas o\u00f9 la fermeture provisoire\u00a0 d&rsquo;une classe ou de toute l&rsquo;\u00e9cole serait n\u00e9cessaire, comment l&rsquo;enseignement \u00e0 distance serait-il organis\u00e9 pour le coll\u00e8ge et le lyc\u00e9e ?<\/strong><\/p>\n<p>\n<style type=\"text\/css\" data-created_by=\"avia_inline_auto\" id=\"style-css-av-o40o-c1980f1ecca1a728b26334487c417c24\">\n.av_font_icon.av-o40o-c1980f1ecca1a728b26334487c417c24{\ncolor:#edae44;\nborder-color:#edae44;\n}\n.avia-svg-icon.av-o40o-c1980f1ecca1a728b26334487c417c24 svg:first-child{\nstroke:#edae44;\nfill:#edae44;\n}\n.av_font_icon.av-o40o-c1980f1ecca1a728b26334487c417c24 .av-icon-char{\nfont-size:25px;\nline-height:25px;\n}\n<\/style>\n<span  class='av_font_icon av-o40o-c1980f1ecca1a728b26334487c417c24 avia_animate_when_visible av-icon-style- avia-icon-pos-left avia-iconfont avia-font-entypo-fontello avia-icon-animate'><span class='av-icon-char' data-av_icon='\ue881' data-av_iconfont='entypo-fontello' aria-hidden=\"true\" ><\/span><\/span><a href=\"https:\/\/www.idsp.fr\/wp-content\/uploads\/2020\/10\/Enseignement_distanciel_secondaire.pdf\" target=\"_blank\" rel=\"noopener\">Principes de l&rsquo;enseignement \u00e0 distance au coll\u00e8ge et au lyc\u00e9e<\/a><\/p>\n<p>Quelles sont les r\u00e8gles de participation aux visioconf\u00e9rences?<\/p>\n<p>\n<style type=\"text\/css\" data-created_by=\"avia_inline_auto\" id=\"style-css-av-o40o-c1980f1ecca1a728b26334487c417c24\">\n.av_font_icon.av-o40o-c1980f1ecca1a728b26334487c417c24{\ncolor:#edae44;\nborder-color:#edae44;\n}\n.avia-svg-icon.av-o40o-c1980f1ecca1a728b26334487c417c24 svg:first-child{\nstroke:#edae44;\nfill:#edae44;\n}\n.av_font_icon.av-o40o-c1980f1ecca1a728b26334487c417c24 .av-icon-char{\nfont-size:25px;\nline-height:25px;\n}\n<\/style>\n<span  class='av_font_icon av-o40o-c1980f1ecca1a728b26334487c417c24 avia_animate_when_visible av-icon-style- avia-icon-pos-left avia-iconfont avia-font-entypo-fontello avia-icon-animate'><span class='av-icon-char' data-av_icon='\ue881' data-av_iconfont='entypo-fontello' aria-hidden=\"true\" ><\/span><\/span> <a href=\"https:\/\/www.idsp.fr\/wp-content\/uploads\/2020\/10\/Regles_de_base_visio.pdf\" target=\"_blank\" rel=\"noopener\">R\u00e8gles de participation aux visioconf\u00e9rences<\/a><\/p>\n<h4>\n<style type=\"text\/css\" data-created_by=\"avia_inline_auto\" id=\"style-css-av-2z33z0-63273bf3eb7f97e41826ed529e22370f\">\n.av_font_icon.av-2z33z0-63273bf3eb7f97e41826ed529e22370f{\ncolor:#edae44;\nborder-color:#edae44;\n}\n.avia-svg-icon.av-2z33z0-63273bf3eb7f97e41826ed529e22370f svg:first-child{\nstroke:#edae44;\nfill:#edae44;\n}\n.av_font_icon.av-2z33z0-63273bf3eb7f97e41826ed529e22370f .av-icon-char{\nfont-size:25px;\nline-height:25px;\n}\n<\/style>\n<span  class='av_font_icon av-2z33z0-63273bf3eb7f97e41826ed529e22370f avia_animate_when_visible av-icon-style- avia-icon-pos-left avia-iconfont avia-font-entypo-fontello avia-icon-animate'><span class='av-icon-char' data-av_icon='\ue81f' data-av_iconfont='entypo-fontello' aria-hidden=\"true\" ><\/span><\/span> EMPLOI DU TEMPS<\/h4>\n<p><strong>Est-il possible d&rsquo;\u00eatre inform\u00e9 sur les modifications dans l&#8217;emploi du temps de mon enfant?<\/strong><\/p>\n<p>\n<style type=\"text\/css\" data-created_by=\"avia_inline_auto\" id=\"style-css-av-o40o-c1980f1ecca1a728b26334487c417c24\">\n.av_font_icon.av-o40o-c1980f1ecca1a728b26334487c417c24{\ncolor:#edae44;\nborder-color:#edae44;\n}\n.avia-svg-icon.av-o40o-c1980f1ecca1a728b26334487c417c24 svg:first-child{\nstroke:#edae44;\nfill:#edae44;\n}\n.av_font_icon.av-o40o-c1980f1ecca1a728b26334487c417c24 .av-icon-char{\nfont-size:25px;\nline-height:25px;\n}\n<\/style>\n<span  class='av_font_icon av-o40o-c1980f1ecca1a728b26334487c417c24 avia_animate_when_visible av-icon-style- avia-icon-pos-left avia-iconfont avia-font-entypo-fontello avia-icon-animate'><span class='av-icon-char' data-av_icon='\ue881' data-av_iconfont='entypo-fontello' aria-hidden=\"true\" ><\/span><\/span> Oui, c&rsquo;est possible avec l&rsquo;appli WebUntis <a href=\"https:\/\/www.idsp.fr\/wp-content\/uploads\/2021\/01\/WebUntis-iDSP_manuel_parents.pdf\" target=\"_blank\" rel=\"noopener\">Cliquez ici pour les instructions<\/a><\/p>\n<h4>\n<style type=\"text\/css\" data-created_by=\"avia_inline_auto\" id=\"style-css-av-2z33z0-63273bf3eb7f97e41826ed529e22370f\">\n.av_font_icon.av-2z33z0-63273bf3eb7f97e41826ed529e22370f{\ncolor:#edae44;\nborder-color:#edae44;\n}\n.avia-svg-icon.av-2z33z0-63273bf3eb7f97e41826ed529e22370f svg:first-child{\nstroke:#edae44;\nfill:#edae44;\n}\n.av_font_icon.av-2z33z0-63273bf3eb7f97e41826ed529e22370f .av-icon-char{\nfont-size:25px;\nline-height:25px;\n}\n<\/style>\n<span  class='av_font_icon av-2z33z0-63273bf3eb7f97e41826ed529e22370f avia_animate_when_visible av-icon-style- avia-icon-pos-left avia-iconfont avia-font-entypo-fontello avia-icon-animate'><span class='av-icon-char' data-av_icon='\ue81f' data-av_iconfont='entypo-fontello' aria-hidden=\"true\" ><\/span><\/span> DEVOIRS \u00c0 LA MAISON<\/h4>\n<p><strong>Comment les \u00e9l\u00e8ves absents obtiennent-ils des informations sur ce qu&rsquo;ils ont manqu\u00e9 et sur ce qu&rsquo;ils doivent faire ?<\/strong><\/p>\n\n<style type=\"text\/css\" data-created_by=\"avia_inline_auto\" id=\"style-css-av-2os3ho-0a6415d4ccb30e79e8c549ed9f0f693a\">\n.av_font_icon.av-2os3ho-0a6415d4ccb30e79e8c549ed9f0f693a{\ncolor:#edae44;\nborder-color:#edae44;\n}\n.avia-svg-icon.av-2os3ho-0a6415d4ccb30e79e8c549ed9f0f693a svg:first-child{\nstroke:#edae44;\nfill:#edae44;\n}\n.av_font_icon.av-2os3ho-0a6415d4ccb30e79e8c549ed9f0f693a .av-icon-char{\nfont-size:25px;\nline-height:25px;\n}\n<\/style>\n<span  class='av_font_icon av-2os3ho-0a6415d4ccb30e79e8c549ed9f0f693a avia_animate_when_visible av-icon-style- avia-icon-pos-left avia-iconfont avia-font-entypo-fontello avia-icon-animate'><span class='av-icon-char' data-av_icon='\ue881' data-av_iconfont='entypo-fontello' aria-hidden=\"true\" ><\/span><\/span>\n<ol>\n<li style=\"list-style-type: none;\">\n<ol>\n<li>De la 5e \u00e0 la 12e classe, des tandems d&rsquo;\u00e9l\u00e8ves sont form\u00e9s, dans lesquels deux \u00e9l\u00e8ves s&rsquo;informent mutuellement sur le contenu des cours manqu\u00e9s et se fournissent \u00e9galement &#8211; si possible &#8211; le mat\u00e9riel de travail. Une liste des tandems est affich\u00e9e dans chaque classe. Les professeurs accompagnent cette t\u00e2che sociale dans laquelle les \u00e9l\u00e8ves apprennent \u00e0 prendre des responsabilit\u00e9s les uns envers les autres. Par exemple, ils cherchent une solution si les deux partenaires du tandem tombent malades en m\u00eame temps.<\/li>\n<li>Tous les jours, les enseignants de toutes les mati\u00e8res saisissent sur WebUntis le th\u00e8me de la le\u00e7on et la page du manuel correspondante. Cette modalit\u00e9 n&rsquo;est pas seulement valable en l&rsquo;absence des \u00e9l\u00e8ves, mais elle est introduite comme une m\u00e9thode de travail de base.<\/li>\n<li>Les \u00e9l\u00e8ves absents peuvent contacter les professeurs de la mati\u00e8re concern\u00e9e par e-mail via Microsoft Teams s&rsquo;ils ont des questions.<\/li>\n<\/ol>\n<\/li>\n<\/ol>\n<p>Pour l&rsquo;\u00e9cole primaire, les t\u00e2ches sont mises \u00e0 disposition sur Padlet.<\/p>\n<\/div><\/div><\/div><\/section>\n<section class='av_toggle_section av-35d8ek-fea9fdd0f68941ce64e31b4daf3499d3'  itemscope=\"itemscope\" itemtype=\"https:\/\/schema.org\/CreativeWork\" ><div role=\"tablist\" class=\"single_toggle\" data-tags=\"{Tout} \"  ><p id='toggle-toggle-id-2' data-fake-id='#toggle-id-2' class='toggler  av-title-above '  itemprop=\"headline\"  role='tab' tabindex='0' aria-controls='toggle-id-2' data-slide-speed=\"200\" data-title=\"S\u00e9curit\u00e9\" data-title-open=\"\" data-aria_collapsed=\"Cliquez pour \u00e9tendre : S\u00e9curit\u00e9\" data-aria_expanded=\"Cliquez pour r\u00e9duire : S\u00e9curit\u00e9\">S\u00e9curit\u00e9<span class=\"toggle_icon\"><span class=\"vert_icon\"><\/span><span class=\"hor_icon\"><\/span><\/span><\/p><div id='toggle-id-2' aria-labelledby='toggle-toggle-id-2' role='region' class='toggle_wrap  av-title-above'  ><div class='toggle_content invers-color '  itemprop=\"text\" ><p><strong>Notre \u00e9cole est-elle s\u00fbre ?<\/strong><\/p>\n<p>\n<style type=\"text\/css\" data-created_by=\"avia_inline_auto\" id=\"style-css-av-2yt1bg-6cf013eae8d32f82d372ae1c1057c4e0\">\n.av_font_icon.av-2yt1bg-6cf013eae8d32f82d372ae1c1057c4e0{\ncolor:#edae44;\nborder-color:#edae44;\n}\n.avia-svg-icon.av-2yt1bg-6cf013eae8d32f82d372ae1c1057c4e0 svg:first-child{\nstroke:#edae44;\nfill:#edae44;\n}\n.av_font_icon.av-2yt1bg-6cf013eae8d32f82d372ae1c1057c4e0 .av-icon-char{\nfont-size:25px;\nline-height:25px;\n}\n<\/style>\n<span  class='av_font_icon av-2yt1bg-6cf013eae8d32f82d372ae1c1057c4e0 avia_animate_when_visible av-icon-style- avia-icon-pos-left avia-iconfont avia-font-entypo-fontello avia-icon-animate'><span class='av-icon-char' data-av_icon='\ue881' data-av_iconfont='entypo-fontello' aria-hidden=\"true\" ><\/span><\/span> M\u00eame si notre \u00e9cole ne dispose pas de moyens de dissuasion externes tels que des patrouilles arm\u00e9es, les mesures de s\u00e9curit\u00e9 de notre \u00e9cole sont en tout point conformes \u00e0 la r\u00e9glementation en vigueur. Sous la houlette de l&rsquo;ambassade d&rsquo;Allemagne, nous sommes rassembl\u00e9s, avec d&rsquo;autres institutions telles que l&rsquo;OCDE, l&rsquo;UNESCO, le Goethe-Institut et des organismes politiques, dans un \u00ab\u00a0cercle de s\u00e9curit\u00e9 ext\u00e9rieure\u00a0\u00bb. Notre concept de s\u00e9curit\u00e9 est coordonn\u00e9 avec le responsable de la s\u00e9curit\u00e9 de l&rsquo;ambassade d&rsquo;Allemagne et, \u00e0 l&rsquo;iDSP, M. Becker supervise le respect et la mise en \u0153uvre des mesures. Le commissariat de la Police Nationale \u00e0 Saint Cloud et la Police Municipale effectuent des contr\u00f4les r\u00e9guliers. Il n&rsquo;y a pas non plus de r\u00e9clamations de ce c\u00f4t\u00e9. Bien qu&rsquo;il n&rsquo;y ait aucune s\u00e9curit\u00e9 absolue nulle part, l&rsquo;\u00e9cole fait tout son possible pour prot\u00e9ger la sant\u00e9 et la vie de nos \u00e9l\u00e8ves et de notre personnel.<\/p>\n<\/div><\/div><\/div><\/section>\n<\/div><\/p><\/div>\n<style type=\"text\/css\" data-created_by=\"avia_inline_auto\" id=\"style-css-av-8bhlk-f8bd7d664009674d92cd1a9aba8af6ab\">\n.flex_column.av-8bhlk-f8bd7d664009674d92cd1a9aba8af6ab{\nborder-radius:0px 0px 0px 0px;\npadding:0px 0px 0px 0px;\n}\n<\/style>\n<div  class='flex_column av-8bhlk-f8bd7d664009674d92cd1a9aba8af6ab av_one_full  avia-builder-el-15  el_after_av_one_full  avia-builder-el-last  first flex_column_div av-zero-column-padding  column-top-margin'     ><\/div><\/p>\n","protected":false},"excerpt":{"rendered":"","protected":false},"author":1,"featured_media":0,"parent":0,"menu_order":86,"comment_status":"closed","ping_status":"closed","template":"","meta":{"footnotes":""},"class_list":["post-4028","page","type-page","status-publish","hentry"],"yoast_head":"<!-- This site is optimized with the Yoast SEO plugin v27.4 - https:\/\/yoast.com\/product\/yoast-seo-wordpress\/ -->\n<title>FAQ - iDSP - La Schule - Internationale Deutsche Schule Paris<\/title>\n<meta name=\"robots\" content=\"index, follow, max-snippet:-1, max-image-preview:large, max-video-preview:-1\" \/>\n<link rel=\"canonical\" href=\"https:\/\/www.idsp.fr\/fr\/faq\/\" \/>\n<meta property=\"og:locale\" content=\"fr_FR\" \/>\n<meta property=\"og:type\" content=\"article\" \/>\n<meta property=\"og:title\" content=\"FAQ - iDSP - La Schule - Internationale Deutsche Schule Paris\" \/>\n<meta property=\"og:url\" content=\"https:\/\/www.idsp.fr\/fr\/faq\/\" \/>\n<meta property=\"og:site_name\" content=\"iDSP - La Schule - Internationale Deutsche Schule Paris\" \/>\n<meta property=\"article:modified_time\" content=\"2023-05-23T15:16:45+00:00\" \/>\n<meta name=\"twitter:card\" content=\"summary_large_image\" \/>\n<meta name=\"twitter:label1\" content=\"Dur\u00e9e de lecture estim\u00e9e\" \/>\n\t<meta name=\"twitter:data1\" content=\"6 minutes\" \/>\n<script type=\"application\/ld+json\" class=\"yoast-schema-graph\">{\"@context\":\"https:\\\/\\\/schema.org\",\"@graph\":[{\"@type\":\"WebPage\",\"@id\":\"https:\\\/\\\/www.idsp.fr\\\/fr\\\/faq\\\/\",\"url\":\"https:\\\/\\\/www.idsp.fr\\\/fr\\\/faq\\\/\",\"name\":\"FAQ - iDSP - La Schule - Internationale Deutsche Schule Paris\",\"isPartOf\":{\"@id\":\"https:\\\/\\\/www.idsp.fr\\\/#website\"},\"datePublished\":\"2021-08-24T13:07:09+00:00\",\"dateModified\":\"2023-05-23T15:16:45+00:00\",\"breadcrumb\":{\"@id\":\"https:\\\/\\\/www.idsp.fr\\\/fr\\\/faq\\\/#breadcrumb\"},\"inLanguage\":\"fr-FR\",\"potentialAction\":[{\"@type\":\"ReadAction\",\"target\":[\"https:\\\/\\\/www.idsp.fr\\\/fr\\\/faq\\\/\"]}]},{\"@type\":\"BreadcrumbList\",\"@id\":\"https:\\\/\\\/www.idsp.fr\\\/fr\\\/faq\\\/#breadcrumb\",\"itemListElement\":[{\"@type\":\"ListItem\",\"position\":1,\"name\":\"Startseite\",\"item\":\"https:\\\/\\\/www.idsp.fr\\\/fr\\\/idsp-ecole-allemande-internationale-de-paris\\\/\"},{\"@type\":\"ListItem\",\"position\":2,\"name\":\"FAQ\"}]},{\"@type\":\"WebSite\",\"@id\":\"https:\\\/\\\/www.idsp.fr\\\/#website\",\"url\":\"https:\\\/\\\/www.idsp.fr\\\/\",\"name\":\"iDSP - La Schule - Internationale Deutsche Schule Paris\",\"description\":\"\",\"potentialAction\":[{\"@type\":\"SearchAction\",\"target\":{\"@type\":\"EntryPoint\",\"urlTemplate\":\"https:\\\/\\\/www.idsp.fr\\\/?s={search_term_string}\"},\"query-input\":{\"@type\":\"PropertyValueSpecification\",\"valueRequired\":true,\"valueName\":\"search_term_string\"}}],\"inLanguage\":\"fr-FR\"}]}<\/script>\n<!-- \/ Yoast SEO plugin. -->","yoast_head_json":{"title":"FAQ - iDSP - La Schule - Internationale Deutsche Schule Paris","robots":{"index":"index","follow":"follow","max-snippet":"max-snippet:-1","max-image-preview":"max-image-preview:large","max-video-preview":"max-video-preview:-1"},"canonical":"https:\/\/www.idsp.fr\/fr\/faq\/","og_locale":"fr_FR","og_type":"article","og_title":"FAQ - iDSP - La Schule - Internationale Deutsche Schule Paris","og_url":"https:\/\/www.idsp.fr\/fr\/faq\/","og_site_name":"iDSP - La Schule - Internationale Deutsche Schule Paris","article_modified_time":"2023-05-23T15:16:45+00:00","twitter_card":"summary_large_image","twitter_misc":{"Dur\u00e9e de lecture estim\u00e9e":"6 minutes"},"schema":{"@context":"https:\/\/schema.org","@graph":[{"@type":"WebPage","@id":"https:\/\/www.idsp.fr\/fr\/faq\/","url":"https:\/\/www.idsp.fr\/fr\/faq\/","name":"FAQ - iDSP - La Schule - Internationale Deutsche Schule Paris","isPartOf":{"@id":"https:\/\/www.idsp.fr\/#website"},"datePublished":"2021-08-24T13:07:09+00:00","dateModified":"2023-05-23T15:16:45+00:00","breadcrumb":{"@id":"https:\/\/www.idsp.fr\/fr\/faq\/#breadcrumb"},"inLanguage":"fr-FR","potentialAction":[{"@type":"ReadAction","target":["https:\/\/www.idsp.fr\/fr\/faq\/"]}]},{"@type":"BreadcrumbList","@id":"https:\/\/www.idsp.fr\/fr\/faq\/#breadcrumb","itemListElement":[{"@type":"ListItem","position":1,"name":"Startseite","item":"https:\/\/www.idsp.fr\/fr\/idsp-ecole-allemande-internationale-de-paris\/"},{"@type":"ListItem","position":2,"name":"FAQ"}]},{"@type":"WebSite","@id":"https:\/\/www.idsp.fr\/#website","url":"https:\/\/www.idsp.fr\/","name":"iDSP - La Schule - Internationale Deutsche Schule Paris","description":"","potentialAction":[{"@type":"SearchAction","target":{"@type":"EntryPoint","urlTemplate":"https:\/\/www.idsp.fr\/?s={search_term_string}"},"query-input":{"@type":"PropertyValueSpecification","valueRequired":true,"valueName":"search_term_string"}}],"inLanguage":"fr-FR"}]}},"_links":{"self":[{"href":"https:\/\/www.idsp.fr\/fr\/wp-json\/wp\/v2\/pages\/4028","targetHints":{"allow":["GET"]}}],"collection":[{"href":"https:\/\/www.idsp.fr\/fr\/wp-json\/wp\/v2\/pages"}],"about":[{"href":"https:\/\/www.idsp.fr\/fr\/wp-json\/wp\/v2\/types\/page"}],"author":[{"embeddable":true,"href":"https:\/\/www.idsp.fr\/fr\/wp-json\/wp\/v2\/users\/1"}],"replies":[{"embeddable":true,"href":"https:\/\/www.idsp.fr\/fr\/wp-json\/wp\/v2\/comments?post=4028"}],"version-history":[{"count":0,"href":"https:\/\/www.idsp.fr\/fr\/wp-json\/wp\/v2\/pages\/4028\/revisions"}],"wp:attachment":[{"href":"https:\/\/www.idsp.fr\/fr\/wp-json\/wp\/v2\/media?parent=4028"}],"curies":[{"name":"wp","href":"https:\/\/api.w.org\/{rel}","templated":true}]}}