{"id":34283,"date":"2026-01-27T16:29:17","date_gmt":"2026-01-27T15:29:17","guid":{"rendered":"https:\/\/www.idsp.fr\/?page_id=34283"},"modified":"2026-02-16T12:53:39","modified_gmt":"2026-02-16T11:53:39","slug":"centre-daccueil-periscolaire","status":"publish","type":"page","link":"https:\/\/www.idsp.fr\/fr\/vie-de-lecole\/centre-daccueil-periscolaire\/","title":{"rendered":"Centre d\u2019accueil p\u00e9riscolaire"},"content":{"rendered":"\n<style type=\"text\/css\" data-created_by=\"avia_inline_auto\" id=\"style-css-av-av_section-21c48b69e22c6432fc4a661b10db35ad\">\n.avia-section.av-av_section-21c48b69e22c6432fc4a661b10db35ad{\nbackground-color:#024d7d;\nbackground-image:unset;\n}\n<\/style>\n<div id='av_section_1'  class='avia-section av-av_section-21c48b69e22c6432fc4a661b10db35ad main_color avia-section-small avia-no-border-styling  avia-builder-el-0  el_before_av_one_full  avia-builder-el-first  avia-bg-style-scroll av-minimum-height av-minimum-height-custom av-height-custom  container_wrap sidebar_right'   data-av_minimum_height_px='100'><div class='container av-section-cont-open' style='height:100px'><main  role=\"main\" itemprop=\"mainContentOfPage\"  class='template-page content  av-content-small alpha units'><div class='post-entry post-entry-type-page post-entry-34283'><div class='entry-content-wrapper clearfix'>\n\n<style type=\"text\/css\" data-created_by=\"avia_inline_auto\" id=\"style-css-av-av_heading-5b5344698ab0e3405a7ce8877196efc5\">\n#top .av-special-heading.av-av_heading-5b5344698ab0e3405a7ce8877196efc5{\npadding-bottom:10px;\ncolor:#ffffff;\n}\nbody .av-special-heading.av-av_heading-5b5344698ab0e3405a7ce8877196efc5 .av-special-heading-tag .heading-char{\nfont-size:25px;\n}\n.av-special-heading.av-av_heading-5b5344698ab0e3405a7ce8877196efc5 .special-heading-inner-border{\nborder-color:#ffffff;\n}\n.av-special-heading.av-av_heading-5b5344698ab0e3405a7ce8877196efc5 .av-subheading{\nfont-size:15px;\n}\n<\/style>\n<div  class='av-special-heading av-av_heading-5b5344698ab0e3405a7ce8877196efc5 av-special-heading-h2 custom-color-heading  avia-builder-el-1  avia-builder-el-no-sibling '><h2 class='av-special-heading-tag '  itemprop=\"headline\"  >Centre d\u2019accueil p\u00e9riscolaire<\/h2><div class=\"special-heading-border\"><div class=\"special-heading-inner-border\"><\/div><\/div><\/div>\n<\/div><\/div><\/main><!-- close content main element --><\/div><\/div><div id='after_section_1'  class='main_color av_default_container_wrap container_wrap sidebar_right'  ><div class='container av-section-cont-open' ><div class='template-page content  av-content-small alpha units'><div class='post-entry post-entry-type-page post-entry-34283'><div class='entry-content-wrapper clearfix'>\n\n<style type=\"text\/css\" data-created_by=\"avia_inline_auto\" id=\"style-css-av-av_one_full-79ff81c021393065cee878051452f6a6\">\n.flex_column.av-av_one_full-79ff81c021393065cee878051452f6a6{\nborder-radius:0px 0px 0px 0px;\npadding:0px 0px 0px 0px;\n}\n<\/style>\n<div  class='flex_column av-av_one_full-79ff81c021393065cee878051452f6a6 av_one_full  avia-builder-el-2  el_after_av_section  el_before_av_hr  avia-builder-el-first  first flex_column_div av-zero-column-padding  '     ><div id='av-masonry-1' class='av-masonry av-mkwrc9nm-619fe9ddf65d9be6f59e5215fa267479 noHover av-fixed-size av-1px-gap av-hover-overlay- av-masonry-animation-active av-masonry-col-3 av-caption-always av-caption-style- av-masonry-gallery ' data-post_id=\"34283\"><div class=\"av-masonry-container isotope av-js-disabled\"><div class='av-masonry-entry isotope-item av-masonry-item-no-image '><\/div><a href=\"https:\/\/www.idsp.fr\/wp-content\/uploads\/2020\/09\/IMG_4970-1030x773.jpg\" data-srcset=\"https:\/\/www.idsp.fr\/wp-content\/uploads\/2020\/09\/IMG_4970-1030x773.jpg 1030w, https:\/\/www.idsp.fr\/wp-content\/uploads\/2020\/09\/IMG_4970-340x255.jpg 340w, https:\/\/www.idsp.fr\/wp-content\/uploads\/2020\/09\/IMG_4970-768x576.jpg 768w, https:\/\/www.idsp.fr\/wp-content\/uploads\/2020\/09\/IMG_4970-1536x1152.jpg 1536w, https:\/\/www.idsp.fr\/wp-content\/uploads\/2020\/09\/IMG_4970-1500x1125.jpg 1500w, https:\/\/www.idsp.fr\/wp-content\/uploads\/2020\/09\/IMG_4970-705x529.jpg 705w, https:\/\/www.idsp.fr\/wp-content\/uploads\/2020\/09\/IMG_4970.jpg 2016w\" data-sizes=\"(max-width: 1030px) 100vw, 1030px\"  aria-label=\"image image sans titre\"  id='av-masonry-1-item-3891' data-av-masonry-item='3891' class='av-masonry-entry isotope-item post-3891 attachment type-attachment status-inherit hentry  av-masonry-item-with-image' title=\"\" alt=\"\"    itemprop=\"thumbnailUrl\" ><div class='av-inner-masonry-sizer'><\/div><figure class='av-inner-masonry main_color'><div class=\"av-masonry-outerimage-container\"><div class='av-masonry-image-container' style=\"background-image: url(https:\/\/www.idsp.fr\/wp-content\/uploads\/2020\/09\/IMG_4970-705x529.jpg);\" ><\/div><\/div><\/figure><\/a><!--end av-masonry entry--><a href=\"https:\/\/www.idsp.fr\/wp-content\/uploads\/2020\/09\/IMG_4582-773x1030.jpg\" data-srcset=\"https:\/\/www.idsp.fr\/wp-content\/uploads\/2020\/09\/IMG_4582-773x1030.jpg 773w, https:\/\/www.idsp.fr\/wp-content\/uploads\/2020\/09\/IMG_4582-240x320.jpg 240w, https:\/\/www.idsp.fr\/wp-content\/uploads\/2020\/09\/IMG_4582-768x1024.jpg 768w, https:\/\/www.idsp.fr\/wp-content\/uploads\/2020\/09\/IMG_4582-1152x1536.jpg 1152w, https:\/\/www.idsp.fr\/wp-content\/uploads\/2020\/09\/IMG_4582-1125x1500.jpg 1125w, https:\/\/www.idsp.fr\/wp-content\/uploads\/2020\/09\/IMG_4582-529x705.jpg 529w, https:\/\/www.idsp.fr\/wp-content\/uploads\/2020\/09\/IMG_4582.jpg 1512w\" data-sizes=\"(max-width: 773px) 100vw, 773px\"  aria-label=\"image image sans titre\"  id='av-masonry-1-item-3890' data-av-masonry-item='3890' class='av-masonry-entry isotope-item post-3890 attachment type-attachment status-inherit hentry  av-masonry-item-with-image' title=\"\" alt=\"\"    itemprop=\"thumbnailUrl\" ><div class='av-inner-masonry-sizer'><\/div><figure class='av-inner-masonry main_color'><div class=\"av-masonry-outerimage-container\"><div class='av-masonry-image-container' style=\"background-image: url(https:\/\/www.idsp.fr\/wp-content\/uploads\/2020\/09\/IMG_4582-529x705.jpg);\" ><\/div><\/div><\/figure><\/a><!--end av-masonry entry--><a href=\"https:\/\/www.idsp.fr\/wp-content\/uploads\/2024\/02\/BZ_1.jpg\" data-srcset=\"https:\/\/www.idsp.fr\/wp-content\/uploads\/2024\/02\/BZ_1.jpg 800w, https:\/\/www.idsp.fr\/wp-content\/uploads\/2024\/02\/BZ_1-340x255.jpg 340w, https:\/\/www.idsp.fr\/wp-content\/uploads\/2024\/02\/BZ_1-768x576.jpg 768w, https:\/\/www.idsp.fr\/wp-content\/uploads\/2024\/02\/BZ_1-705x529.jpg 705w\" data-sizes=\"(max-width: 800px) 100vw, 800px\"  aria-label=\"image image sans titre\"  id='av-masonry-1-item-26179' data-av-masonry-item='26179' class='av-masonry-entry isotope-item post-26179 attachment type-attachment status-inherit hentry  av-masonry-item-with-image' title=\"\" alt=\"\"    itemprop=\"thumbnailUrl\" ><div class='av-inner-masonry-sizer'><\/div><figure class='av-inner-masonry main_color'><div class=\"av-masonry-outerimage-container\"><div class='av-masonry-image-container' style=\"background-image: url(https:\/\/www.idsp.fr\/wp-content\/uploads\/2024\/02\/BZ_1-705x529.jpg);\" ><\/div><\/div><\/figure><\/a><!--end av-masonry entry--><\/div><\/div><\/div>\n\n<style type=\"text\/css\" data-created_by=\"avia_inline_auto\" id=\"style-css-av-mkwrcq2b-23ecb1161ecc81ae3b136005de331ede\">\n#top .hr.hr-invisible.av-mkwrcq2b-23ecb1161ecc81ae3b136005de331ede{\nheight:10px;\n}\n<\/style>\n<div  class='hr av-mkwrcq2b-23ecb1161ecc81ae3b136005de331ede hr-invisible  avia-builder-el-4  el_after_av_one_full  el_before_av_textblock '><span class='hr-inner '><span class=\"hr-inner-style\"><\/span><\/span><\/div>\n<section  class='av_textblock_section av-av_textblock-8c42a04d92c3f2cb4661d2848f7655e2 '   itemscope=\"itemscope\" itemtype=\"https:\/\/schema.org\/CreativeWork\" ><div class='avia_textblock'  itemprop=\"text\" ><blockquote>\n<p>Notre<strong> centre d\u2019accueil p\u00e9riscolaire<\/strong> propose une prise en charge fiable des enfants apr\u00e8s les cours. <strong>Les besoins individuels<\/strong> de chaque enfant sont au c\u0153ur de notre approche, qu\u2019il s\u2019agisse de jouer, d\u2019apprendre, de se d\u00e9tendre ou d\u2019\u00e9changer avec les autres. Nous offrons un cadre structur\u00e9 permettant aux enfants de <strong>vivre un apr\u00e8s-midi \u00e0 la fois enrichissant et vari\u00e9<\/strong><\/p>\n<\/blockquote>\n<\/div><\/section>\n\n<style type=\"text\/css\" data-created_by=\"avia_inline_auto\" id=\"style-css-av-av_heading-9918d8d56c5dda67226a1a3e1a1897ef\">\n#top .av-special-heading.av-av_heading-9918d8d56c5dda67226a1a3e1a1897ef{\npadding-bottom:10px;\n}\nbody .av-special-heading.av-av_heading-9918d8d56c5dda67226a1a3e1a1897ef .av-special-heading-tag .heading-char{\nfont-size:25px;\n}\n.av-special-heading.av-av_heading-9918d8d56c5dda67226a1a3e1a1897ef .av-subheading{\nfont-size:15px;\n}\n<\/style>\n<div  class='av-special-heading av-av_heading-9918d8d56c5dda67226a1a3e1a1897ef av-special-heading-h2  avia-builder-el-6  el_after_av_textblock  el_before_av_textblock '><h2 class='av-special-heading-tag '  itemprop=\"headline\"  >Tranche d\u2019\u00e2ge<\/h2><div class=\"special-heading-border\"><div class=\"special-heading-inner-border\"><\/div><\/div><\/div>\n<section  class='av_textblock_section av-av_textblock-8c42a04d92c3f2cb4661d2848f7655e2 '   itemscope=\"itemscope\" itemtype=\"https:\/\/schema.org\/CreativeWork\" ><div class='avia_textblock'  itemprop=\"text\" ><p>L\u2019accueil est ouvert aux enfants <strong>\u00e0 partir de 4 ans et jusqu\u2019\u00e0 la classe de 6\u00e8me incluse<\/strong>.<br \/>\nLes enfants plus jeunes ne peuvent malheureusement pas \u00eatre accueillis. Cette organisation nous permet de garantir un accompagnement adapt\u00e9 et de nous assurer que les enfants disposent de l\u2019<strong>autonomie<\/strong> et de la <strong>capacit\u00e9 de concentration<\/strong> n\u00e9cessaires pour les activit\u00e9s de l\u2019apr\u00e8s-midi.<\/p>\n<\/div><\/section>\n\n<style type=\"text\/css\" data-created_by=\"avia_inline_auto\" id=\"style-css-av-av_heading-283850c3370b5e5ef4e5ca34cbb701e6\">\n#top .av-special-heading.av-av_heading-283850c3370b5e5ef4e5ca34cbb701e6{\npadding-bottom:10px;\n}\nbody .av-special-heading.av-av_heading-283850c3370b5e5ef4e5ca34cbb701e6 .av-special-heading-tag .heading-char{\nfont-size:25px;\n}\n.av-special-heading.av-av_heading-283850c3370b5e5ef4e5ca34cbb701e6 .av-subheading{\nfont-size:15px;\n}\n<\/style>\n<div  class='av-special-heading av-av_heading-283850c3370b5e5ef4e5ca34cbb701e6 av-special-heading-h2  avia-builder-el-8  el_after_av_textblock  el_before_av_textblock '><h2 class='av-special-heading-tag '  itemprop=\"headline\"  >Horaires<\/h2><div class=\"special-heading-border\"><div class=\"special-heading-inner-border\"><\/div><\/div><\/div>\n<section  class='av_textblock_section av-av_textblock-8c42a04d92c3f2cb4661d2848f7655e2 '   itemscope=\"itemscope\" itemtype=\"https:\/\/schema.org\/CreativeWork\" ><div class='avia_textblock'  itemprop=\"text\" ><p>L\u2019accueil a lieu <strong>de 15h30 \u00e0 18h30<\/strong>.<br \/>\nL\u2019inscription est <strong>flexible<\/strong> : elle peut \u00eatre r\u00e9guli\u00e8re \u00e0 jours fixes ou ponctuelle, en fonction des besoins.<\/p>\n<\/div><\/section>\n\n<style type=\"text\/css\" data-created_by=\"avia_inline_auto\" id=\"style-css-av-av_heading-8e0674f8e4d188b898ca1857b202cfc7\">\n#top .av-special-heading.av-av_heading-8e0674f8e4d188b898ca1857b202cfc7{\npadding-bottom:10px;\n}\nbody .av-special-heading.av-av_heading-8e0674f8e4d188b898ca1857b202cfc7 .av-special-heading-tag .heading-char{\nfont-size:25px;\n}\n.av-special-heading.av-av_heading-8e0674f8e4d188b898ca1857b202cfc7 .av-subheading{\nfont-size:15px;\n}\n<\/style>\n<div  class='av-special-heading av-av_heading-8e0674f8e4d188b898ca1857b202cfc7 av-special-heading-h2  avia-builder-el-10  el_after_av_textblock  el_before_av_textblock '><h2 class='av-special-heading-tag '  itemprop=\"headline\"  >Inhalte der Betreuung<\/h2><div class=\"special-heading-border\"><div class=\"special-heading-inner-border\"><\/div><\/div><\/div>\n<section  class='av_textblock_section av-av_textblock-8c42a04d92c3f2cb4661d2848f7655e2 '   itemscope=\"itemscope\" itemtype=\"https:\/\/schema.org\/CreativeWork\" ><div class='avia_textblock'  itemprop=\"text\" ><p>Notre programme est vari\u00e9 et s\u2019adapte aux besoins des enfants :<\/p>\n<ul>\n<li><strong>Aide aux devoirs facultative<\/strong> : les enfants travaillent en autonomie ; les devoirs ne sont pas corrig\u00e9s par l\u2019\u00e9quipe<\/li>\n<li><strong>Activit\u00e9s sportives et de motricit\u00e9<\/strong> pour se d\u00e9penser et d\u00e9velopper les capacit\u00e9s physiques<\/li>\n<li><strong>Projets cr\u00e9atifs<\/strong> : bricolage, dessin, activit\u00e9s manuelles et artistiques<\/li>\n<li><strong>Jeux de soci\u00e9t\u00e9<\/strong> et activit\u00e9s collectives<\/li>\n<li><strong>Pause go\u00fbter quotidienne \u00e0 16h30<\/strong>, pour reprendre des forces<\/li>\n<li><strong>Temps calme<\/strong> d\u00e9di\u00e9 au repos et \u00e0 la d\u00e9tente<\/li>\n<\/ul>\n<\/div><\/section>\n\n<style type=\"text\/css\" data-created_by=\"avia_inline_auto\" id=\"style-css-av-av_heading-35beaa37ee67effaa33e14f791291ad6\">\n#top .av-special-heading.av-av_heading-35beaa37ee67effaa33e14f791291ad6{\npadding-bottom:10px;\n}\nbody .av-special-heading.av-av_heading-35beaa37ee67effaa33e14f791291ad6 .av-special-heading-tag .heading-char{\nfont-size:25px;\n}\n.av-special-heading.av-av_heading-35beaa37ee67effaa33e14f791291ad6 .av-subheading{\nfont-size:15px;\n}\n<\/style>\n<div  class='av-special-heading av-av_heading-35beaa37ee67effaa33e14f791291ad6 av-special-heading-h2  avia-builder-el-12  el_after_av_textblock  el_before_av_textblock '><h2 class='av-special-heading-tag '  itemprop=\"headline\"  >Notre engagement<\/h2><div class=\"special-heading-border\"><div class=\"special-heading-inner-border\"><\/div><\/div><\/div>\n<section  class='av_textblock_section av-av_textblock-8c42a04d92c3f2cb4661d2848f7655e2 '   itemscope=\"itemscope\" itemtype=\"https:\/\/schema.org\/CreativeWork\" ><div class='avia_textblock'  itemprop=\"text\" ><p>Au-del\u00e0 de l\u2019encadrement et du plaisir, nous accordons une grande importance au d\u00e9veloppement des <strong>comp\u00e9tences sociales et personnelles<\/strong>. Les enfants apprennent \u00e0 coop\u00e9rer, \u00e0 gagner en autonomie et \u00e0 g\u00e9rer les conflits de mani\u00e8re constructive. Nous les accompagnons ainsi pour qu\u2019ils prennent confiance en eux et d\u00e9veloppent le sens des responsabilit\u00e9s, envers eux-m\u00eames et envers les autres.<\/p>\n<p>Le centre d\u2019accueil p\u00e9riscolaire est ainsi un lieu o\u00f9 les enfants peuvent <strong>s\u2019\u00e9panouir<\/strong>, <strong>nouer des amiti\u00e9s<\/strong> et <strong>d\u00e9couvrir de nouvelles comp\u00e9tences<\/strong>, dans un environnement <strong>s\u00e9curisant, structur\u00e9 et stimulant<\/strong>.<\/p>\n<\/div><\/section>\n\n<style type=\"text\/css\" data-created_by=\"avia_inline_auto\" id=\"style-css-av-av_heading-b1669409a0b0dfd1faf21e3860a016a9\">\n#top .av-special-heading.av-av_heading-b1669409a0b0dfd1faf21e3860a016a9{\npadding-bottom:10px;\n}\nbody .av-special-heading.av-av_heading-b1669409a0b0dfd1faf21e3860a016a9 .av-special-heading-tag .heading-char{\nfont-size:25px;\n}\n.av-special-heading.av-av_heading-b1669409a0b0dfd1faf21e3860a016a9 .av-subheading{\nfont-size:15px;\n}\n<\/style>\n<div  class='av-special-heading av-av_heading-b1669409a0b0dfd1faf21e3860a016a9 av-special-heading-h2  avia-builder-el-14  el_after_av_textblock  el_before_av_textblock '><h2 class='av-special-heading-tag '  itemprop=\"headline\"  >Contact et inscription<\/h2><div class=\"special-heading-border\"><div class=\"special-heading-inner-border\"><\/div><\/div><\/div>\n<section  class='av_textblock_section av-mkwr6m4z-d90bf45aacf6b3663dce1bf42404f4b4 '   itemscope=\"itemscope\" itemtype=\"https:\/\/schema.org\/CreativeWork\" ><div class='avia_textblock'  itemprop=\"text\" ><p>Pour toute question ou demande d\u2019information, veuillez contacter : <strong>Thomas Weinbrecht<\/strong> \u2013\u00a0<a href=\"mailto:betreuungszentrum@idsp.fr\">betreuungszentrum(at)idsp.fr<\/a><br \/>\nL\u2019inscription pour l\u2019ann\u00e9e scolaire se fait <strong>exclusivement via : <\/strong><a href=\"https:\/\/www.ecoledirecte.com\/\" target=\"_blank\" rel=\"noopener\">EcoleDirecte<\/a><\/p>\n<\/div><\/section>\n","protected":false},"excerpt":{"rendered":"","protected":false},"author":1,"featured_media":0,"parent":3999,"menu_order":21,"comment_status":"closed","ping_status":"closed","template":"","meta":{"footnotes":""},"class_list":["post-34283","page","type-page","status-publish","hentry"],"yoast_head":"<!-- This site is optimized with the Yoast SEO plugin v27.4 - https:\/\/yoast.com\/product\/yoast-seo-wordpress\/ -->\n<title>Centre d\u2019accueil p\u00e9riscolaire - iDSP - La Schule - Internationale Deutsche Schule Paris<\/title>\n<meta name=\"robots\" content=\"index, follow, max-snippet:-1, max-image-preview:large, max-video-preview:-1\" \/>\n<link rel=\"canonical\" href=\"https:\/\/www.idsp.fr\/fr\/vie-de-lecole\/centre-daccueil-periscolaire\/\" \/>\n<meta property=\"og:locale\" content=\"fr_FR\" \/>\n<meta property=\"og:type\" content=\"article\" \/>\n<meta property=\"og:title\" content=\"Centre d\u2019accueil p\u00e9riscolaire - iDSP - La Schule - Internationale Deutsche Schule Paris\" \/>\n<meta property=\"og:url\" content=\"https:\/\/www.idsp.fr\/fr\/vie-de-lecole\/centre-daccueil-periscolaire\/\" \/>\n<meta property=\"og:site_name\" content=\"iDSP - La Schule - Internationale Deutsche Schule Paris\" \/>\n<meta property=\"article:modified_time\" content=\"2026-02-16T11:53:39+00:00\" \/>\n<meta name=\"twitter:card\" content=\"summary_large_image\" \/>\n<meta name=\"twitter:label1\" content=\"Dur\u00e9e de lecture estim\u00e9e\" \/>\n\t<meta name=\"twitter:data1\" content=\"2 minutes\" \/>\n<script type=\"application\/ld+json\" class=\"yoast-schema-graph\">{\"@context\":\"https:\\\/\\\/schema.org\",\"@graph\":[{\"@type\":\"WebPage\",\"@id\":\"https:\\\/\\\/www.idsp.fr\\\/fr\\\/vie-de-lecole\\\/centre-daccueil-periscolaire\\\/\",\"url\":\"https:\\\/\\\/www.idsp.fr\\\/fr\\\/vie-de-lecole\\\/centre-daccueil-periscolaire\\\/\",\"name\":\"Centre d\u2019accueil p\u00e9riscolaire - iDSP - La Schule - Internationale Deutsche Schule Paris\",\"isPartOf\":{\"@id\":\"https:\\\/\\\/www.idsp.fr\\\/#website\"},\"datePublished\":\"2026-01-27T15:29:17+00:00\",\"dateModified\":\"2026-02-16T11:53:39+00:00\",\"breadcrumb\":{\"@id\":\"https:\\\/\\\/www.idsp.fr\\\/fr\\\/vie-de-lecole\\\/centre-daccueil-periscolaire\\\/#breadcrumb\"},\"inLanguage\":\"fr-FR\",\"potentialAction\":[{\"@type\":\"ReadAction\",\"target\":[\"https:\\\/\\\/www.idsp.fr\\\/fr\\\/vie-de-lecole\\\/centre-daccueil-periscolaire\\\/\"]}]},{\"@type\":\"BreadcrumbList\",\"@id\":\"https:\\\/\\\/www.idsp.fr\\\/fr\\\/vie-de-lecole\\\/centre-daccueil-periscolaire\\\/#breadcrumb\",\"itemListElement\":[{\"@type\":\"ListItem\",\"position\":1,\"name\":\"Startseite\",\"item\":\"https:\\\/\\\/www.idsp.fr\\\/fr\\\/idsp-ecole-allemande-internationale-de-paris\\\/\"},{\"@type\":\"ListItem\",\"position\":2,\"name\":\"Vie de l&rsquo;\u00e9cole\",\"item\":\"https:\\\/\\\/www.idsp.fr\\\/fr\\\/vie-de-lecole\\\/\"},{\"@type\":\"ListItem\",\"position\":3,\"name\":\"Centre d\u2019accueil p\u00e9riscolaire\"}]},{\"@type\":\"WebSite\",\"@id\":\"https:\\\/\\\/www.idsp.fr\\\/#website\",\"url\":\"https:\\\/\\\/www.idsp.fr\\\/\",\"name\":\"iDSP - La Schule - Internationale Deutsche Schule Paris\",\"description\":\"\",\"potentialAction\":[{\"@type\":\"SearchAction\",\"target\":{\"@type\":\"EntryPoint\",\"urlTemplate\":\"https:\\\/\\\/www.idsp.fr\\\/?s={search_term_string}\"},\"query-input\":{\"@type\":\"PropertyValueSpecification\",\"valueRequired\":true,\"valueName\":\"search_term_string\"}}],\"inLanguage\":\"fr-FR\"}]}<\/script>\n<!-- \/ Yoast SEO plugin. -->","yoast_head_json":{"title":"Centre d\u2019accueil p\u00e9riscolaire - iDSP - La Schule - Internationale Deutsche Schule Paris","robots":{"index":"index","follow":"follow","max-snippet":"max-snippet:-1","max-image-preview":"max-image-preview:large","max-video-preview":"max-video-preview:-1"},"canonical":"https:\/\/www.idsp.fr\/fr\/vie-de-lecole\/centre-daccueil-periscolaire\/","og_locale":"fr_FR","og_type":"article","og_title":"Centre d\u2019accueil p\u00e9riscolaire - iDSP - La Schule - Internationale Deutsche Schule Paris","og_url":"https:\/\/www.idsp.fr\/fr\/vie-de-lecole\/centre-daccueil-periscolaire\/","og_site_name":"iDSP - La Schule - Internationale Deutsche Schule Paris","article_modified_time":"2026-02-16T11:53:39+00:00","twitter_card":"summary_large_image","twitter_misc":{"Dur\u00e9e de lecture estim\u00e9e":"2 minutes"},"schema":{"@context":"https:\/\/schema.org","@graph":[{"@type":"WebPage","@id":"https:\/\/www.idsp.fr\/fr\/vie-de-lecole\/centre-daccueil-periscolaire\/","url":"https:\/\/www.idsp.fr\/fr\/vie-de-lecole\/centre-daccueil-periscolaire\/","name":"Centre d\u2019accueil p\u00e9riscolaire - iDSP - La Schule - Internationale Deutsche Schule Paris","isPartOf":{"@id":"https:\/\/www.idsp.fr\/#website"},"datePublished":"2026-01-27T15:29:17+00:00","dateModified":"2026-02-16T11:53:39+00:00","breadcrumb":{"@id":"https:\/\/www.idsp.fr\/fr\/vie-de-lecole\/centre-daccueil-periscolaire\/#breadcrumb"},"inLanguage":"fr-FR","potentialAction":[{"@type":"ReadAction","target":["https:\/\/www.idsp.fr\/fr\/vie-de-lecole\/centre-daccueil-periscolaire\/"]}]},{"@type":"BreadcrumbList","@id":"https:\/\/www.idsp.fr\/fr\/vie-de-lecole\/centre-daccueil-periscolaire\/#breadcrumb","itemListElement":[{"@type":"ListItem","position":1,"name":"Startseite","item":"https:\/\/www.idsp.fr\/fr\/idsp-ecole-allemande-internationale-de-paris\/"},{"@type":"ListItem","position":2,"name":"Vie de l&rsquo;\u00e9cole","item":"https:\/\/www.idsp.fr\/fr\/vie-de-lecole\/"},{"@type":"ListItem","position":3,"name":"Centre d\u2019accueil p\u00e9riscolaire"}]},{"@type":"WebSite","@id":"https:\/\/www.idsp.fr\/#website","url":"https:\/\/www.idsp.fr\/","name":"iDSP - La Schule - Internationale Deutsche Schule Paris","description":"","potentialAction":[{"@type":"SearchAction","target":{"@type":"EntryPoint","urlTemplate":"https:\/\/www.idsp.fr\/?s={search_term_string}"},"query-input":{"@type":"PropertyValueSpecification","valueRequired":true,"valueName":"search_term_string"}}],"inLanguage":"fr-FR"}]}},"_links":{"self":[{"href":"https:\/\/www.idsp.fr\/fr\/wp-json\/wp\/v2\/pages\/34283","targetHints":{"allow":["GET"]}}],"collection":[{"href":"https:\/\/www.idsp.fr\/fr\/wp-json\/wp\/v2\/pages"}],"about":[{"href":"https:\/\/www.idsp.fr\/fr\/wp-json\/wp\/v2\/types\/page"}],"author":[{"embeddable":true,"href":"https:\/\/www.idsp.fr\/fr\/wp-json\/wp\/v2\/users\/1"}],"replies":[{"embeddable":true,"href":"https:\/\/www.idsp.fr\/fr\/wp-json\/wp\/v2\/comments?post=34283"}],"version-history":[{"count":4,"href":"https:\/\/www.idsp.fr\/fr\/wp-json\/wp\/v2\/pages\/34283\/revisions"}],"predecessor-version":[{"id":34440,"href":"https:\/\/www.idsp.fr\/fr\/wp-json\/wp\/v2\/pages\/34283\/revisions\/34440"}],"up":[{"embeddable":true,"href":"https:\/\/www.idsp.fr\/fr\/wp-json\/wp\/v2\/pages\/3999"}],"wp:attachment":[{"href":"https:\/\/www.idsp.fr\/fr\/wp-json\/wp\/v2\/media?parent=34283"}],"curies":[{"name":"wp","href":"https:\/\/api.w.org\/{rel}","templated":true}]}}